{"id":26399,"date":"2025-03-15T16:33:01","date_gmt":"2025-03-15T15:33:01","guid":{"rendered":"https:\/\/www.naturopharma.net\/?page_id=26399"},"modified":"2025-03-15T16:37:28","modified_gmt":"2025-03-15T15:37:28","slug":"articles-naturopharma","status":"publish","type":"page","link":"https:\/\/www.naturopharma.net\/it\/articles-naturopharma\/","title":{"rendered":"Articoli di Naturopharma"},"content":{"rendered":"<div data-elementor-type=\"wp-page\" data-elementor-id=\"26399\" class=\"elementor elementor-26399\" data-elementor-post-type=\"page\">\n\t\t\t\t\t\t<section class=\"elementor-section elementor-top-section elementor-element elementor-element-aadf599 elementor-section-stretched elementor-section-boxed elementor-section-height-default elementor-section-height-default\" data-id=\"aadf599\" data-element_type=\"section\" data-e-type=\"section\" data-settings=\"{&quot;stretch_section&quot;:&quot;section-stretched&quot;}\">\n\t\t\t\t\t\t<div class=\"elementor-container elementor-column-gap-default\">\n\t\t\t\t\t<div class=\"elementor-column elementor-col-50 elementor-top-column elementor-element elementor-element-8c621a6\" data-id=\"8c621a6\" data-element_type=\"column\" data-e-type=\"column\">\n\t\t\t<div class=\"elementor-widget-wrap elementor-element-populated\">\n\t\t\t\t\t\t<div class=\"elementor-element elementor-element-220fa56 elementor-widget elementor-widget-image\" data-id=\"220fa56\" data-element_type=\"widget\" data-e-type=\"widget\" data-widget_type=\"image.default\">\n\t\t\t\t\t\t\t\t\t\t\t\t\t\t\t<img fetchpriority=\"high\" decoding=\"async\" width=\"980\" height=\"567\" src=\"https:\/\/www.naturopharma.net\/wp-content\/uploads\/2025\/03\/articles-naturopharma.webp\" class=\"attachment-large size-large wp-image-26421\" alt=\"\" title=\"\">\t\t\t\t\t\t\t\t\t\t\t\t\t\t\t<\/div>\n\t\t\t\t\t<\/div>\n\t\t<\/div>\n\t\t\t\t<div class=\"elementor-column elementor-col-50 elementor-top-column elementor-element elementor-element-76667ce\" data-id=\"76667ce\" data-element_type=\"column\" data-e-type=\"column\">\n\t\t\t<div class=\"elementor-widget-wrap elementor-element-populated\">\n\t\t\t\t\t\t<div class=\"elementor-element elementor-element-436bf1c elementor-widget elementor-widget-heading\" data-id=\"436bf1c\" data-element_type=\"widget\" data-e-type=\"widget\" data-widget_type=\"heading.default\">\n\t\t\t\t\t<h2 class=\"elementor-heading-title elementor-size-default\">I nostri articoli su salute e benessere<\/h2>\t\t\t\t<\/div>\n\t\t\t\t<section class=\"elementor-section elementor-inner-section elementor-element elementor-element-f398bd6 elementor-section-boxed elementor-section-height-default elementor-section-height-default\" data-id=\"f398bd6\" data-element_type=\"section\" data-e-type=\"section\">\n\t\t\t\t\t\t<div class=\"elementor-container elementor-column-gap-default\">\n\t\t\t\t\t<div class=\"elementor-column elementor-col-100 elementor-inner-column elementor-element elementor-element-512acc6\" data-id=\"512acc6\" data-element_type=\"column\" data-e-type=\"column\">\n\t\t\t<div class=\"elementor-widget-wrap elementor-element-populated\">\n\t\t\t\t\t\t<div class=\"elementor-element elementor-element-1977bc4 elementor-widget__width-initial elementor-widget elementor-widget-text-editor\" data-id=\"1977bc4\" data-element_type=\"widget\" data-e-type=\"widget\" data-widget_type=\"text-editor.default\">\n\t\t\t\t\t\t\t\t\t<p>Esplorate il nostro mondo della salute e del benessere!<br \/>Scoprite consigli pratici, analisi approfondite e fatti sorprendenti sugli integratori alimentari e la nutrizione.\u00a0<\/p><p>Se volete ottimizzare la vostra forma fisica, curare la vostra pelle o aumentare la vostra energia, i nostri articoli vi guideranno con informazioni affidabili e accessibili.<\/p>\t\t\t\t\t\t\t\t<\/div>\n\t\t\t\t\t<\/div>\n\t\t<\/div>\n\t\t\t\t\t<\/div>\n\t\t<\/section>\n\t\t\t\t\t<\/div>\n\t\t<\/div>\n\t\t\t\t\t<\/div>\n\t\t<\/section>\n\t\t\t\t<section class=\"elementor-section elementor-top-section elementor-element elementor-element-5800d09 elementor-section-stretched elementor-section-boxed elementor-section-height-default elementor-section-height-default\" data-id=\"5800d09\" data-element_type=\"section\" data-e-type=\"section\" data-settings=\"{&quot;stretch_section&quot;:&quot;section-stretched&quot;}\">\n\t\t\t\t\t\t<div class=\"elementor-container elementor-column-gap-default\">\n\t\t\t\t\t<div class=\"elementor-column elementor-col-100 elementor-top-column elementor-element elementor-element-93efba8\" data-id=\"93efba8\" data-element_type=\"column\" data-e-type=\"column\">\n\t\t\t<div class=\"elementor-widget-wrap elementor-element-populated\">\n\t\t\t\t\t\t<div class=\"elementor-element elementor-element-864365f elementor-widget elementor-widget-heading\" data-id=\"864365f\" data-element_type=\"widget\" data-e-type=\"widget\" data-widget_type=\"heading.default\">\n\t\t\t\t\t<h2 class=\"elementor-heading-title elementor-size-default\">Articoli : <\/h2>\t\t\t\t<\/div>\n\t\t\t\t\t<\/div>\n\t\t<\/div>\n\t\t\t\t\t<\/div>\n\t\t<\/section>\n\t\t\t\t<section class=\"elementor-section elementor-top-section elementor-element elementor-element-a999975 elementor-section-stretched elementor-section-boxed elementor-section-height-default elementor-section-height-default\" data-id=\"a999975\" data-element_type=\"section\" data-e-type=\"section\" data-settings=\"{&quot;stretch_section&quot;:&quot;section-stretched&quot;}\">\n\t\t\t\t\t\t<div class=\"elementor-container elementor-column-gap-default\">\n\t\t\t\t\t<div class=\"elementor-column elementor-col-100 elementor-top-column elementor-element elementor-element-b239573\" data-id=\"b239573\" data-element_type=\"column\" data-e-type=\"column\">\n\t\t\t<div class=\"elementor-widget-wrap elementor-element-populated\">\n\t\t\t\t\t\t<div class=\"elementor-element elementor-element-ecadda8 arrow-style-1 elementor-widget elementor-widget-smartic-post-grid\" data-id=\"ecadda8\" data-element_type=\"widget\" data-e-type=\"widget\" data-widget_type=\"smartic-post-grid.default\">\n\t\t\t\t<div class=\"elementor-widget-container\">\n\t\t\t\t\t        <div class=\"elementor-post-wrapper post-style-1\">\n            <div class=\"row\" data-elementor-columns=\"3\" data-elementor-columns-tablet=\"1\" data-elementor-columns-mobile=\"1\">\n\n                <div class=\"column-item\">\n\t<div class=\"post-inner\">\n\n\t\t\t\t<div class=\"post-thumbnail\">\n\t\t\t\t\t<img decoding=\"async\" width=\"500\" height=\"330\" src=\"https:\/\/www.naturopharma.net\/wp-content\/uploads\/2026\/03\/mineraux-500x330.png\" class=\"attachment-smartic-post-grid size-smartic-post-grid wp-post-image\" alt=\"\" title=\"\">\t\t\t<span class=\"categories-link\"><span class=\"screen-reader-text\">Categorie<\/span><a href=\"https:\/\/www.naturopharma.net\/it\/naturopharma\/\" rel=\"category tag\">Naturopharma<\/a> <a href=\"https:\/\/www.naturopharma.net\/it\/beaute\/\" rel=\"category tag\">Bellezza<\/a> <a href=\"https:\/\/www.naturopharma.net\/it\/complements-alimentaires\/\" rel=\"category tag\">Integratori alimentari<\/a> <a href=\"https:\/\/www.naturopharma.net\/it\/sante-bien-etre\/\" rel=\"category tag\">Salute e benessere<\/a><\/span>\t\t<\/div>\n\n\n\t\t<div class=\"content-wrap\">\n\t\t\t<div class=\"entry-header\">\n\t\t\t\t<div class=\"entry-meta\">\n\t\t\t\t\t<span class=\"posted-on\"><a href=\"https:\/\/www.naturopharma.net\/it\/mineraux-equilibre-hormonal-bien-etre\/\" rel=\"bookmark\"><time class=\"entry-date published\" datetime=\"2026-03-28T09:51:19+01:00\">28\/03\/2026<\/time><time class=\"updated\" datetime=\"2026-03-11T09:52:23+01:00\">11\/03\/2026<\/time><\/a><\/span> <span class=\"post-author\"><span>Da <a href=\"https:\/\/www.naturopharma.net\/it\/author\/naturopharma\/\" rel=\"author\">Caroline Pelissier<\/a><\/span><\/span>\t\t\t\t<\/div>\n\t\t\t\t<h2 class=\"alpha entry-title\"><a href=\"https:\/\/www.naturopharma.net\/it\/mineraux-equilibre-hormonal-bien-etre\/\" rel=\"bookmark\">L'importanza dei minerali per un equilibrio ormonale ottimale<\/a><\/h2>\t\t\t<\/div>\n\n\t\t\t<div class=\"entry-content\">\n\t\t\t\t<p>L'equilibrio ormonale svolge un ruolo fondamentale per la salute generale dell'organismo. Gli ormoni sono messaggeri chimici che regolano...<\/p>\n\t\t\t\t<a class=\"more-link\" href=\"https:\/\/www.naturopharma.net\/it\/mineraux-equilibre-hormonal-bien-etre\/\">Per saperne di pi\u00f9<span>+<\/span><\/a>\n\t\t\t<\/div>\n\t\t<\/div>\n\t<\/div>\n<\/div>\n<div class=\"column-item\">\n\t<div class=\"post-inner\">\n\n\t\t\t\t<div class=\"post-thumbnail\">\n\t\t\t\t\t<img decoding=\"async\" width=\"500\" height=\"330\" src=\"https:\/\/www.naturopharma.net\/wp-content\/uploads\/2026\/03\/q10-menopause-500x330.png\" class=\"attachment-smartic-post-grid size-smartic-post-grid wp-post-image\" alt=\"\" title=\"\">\t\t\t<span class=\"categories-link\"><span class=\"screen-reader-text\">Categorie<\/span><a href=\"https:\/\/www.naturopharma.net\/it\/naturopharma\/\" rel=\"category tag\">Naturopharma<\/a> <a href=\"https:\/\/www.naturopharma.net\/it\/beaute\/\" rel=\"category tag\">Bellezza<\/a> <a href=\"https:\/\/www.naturopharma.net\/it\/complements-alimentaires\/\" rel=\"category tag\">Integratori alimentari<\/a> <a href=\"https:\/\/www.naturopharma.net\/it\/sante-bien-etre\/\" rel=\"category tag\">Salute e benessere<\/a><\/span>\t\t<\/div>\n\n\n\t\t<div class=\"content-wrap\">\n\t\t\t<div class=\"entry-header\">\n\t\t\t\t<div class=\"entry-meta\">\n\t\t\t\t\t<span class=\"posted-on\"><a href=\"https:\/\/www.naturopharma.net\/it\/coenzyme-q10-menopause-bien-etre\/\" rel=\"bookmark\"><time class=\"entry-date published\" datetime=\"2026-03-22T09:45:52+01:00\">22\/03\/2026<\/time><time class=\"updated\" datetime=\"2026-03-11T09:46:54+01:00\">11\/03\/2026<\/time><\/a><\/span> <span class=\"post-author\"><span>Da <a href=\"https:\/\/www.naturopharma.net\/it\/author\/naturopharma\/\" rel=\"author\">Caroline Pelissier<\/a><\/span><\/span>\t\t\t\t<\/div>\n\t\t\t\t<h2 class=\"alpha entry-title\"><a href=\"https:\/\/www.naturopharma.net\/it\/coenzyme-q10-menopause-bien-etre\/\" rel=\"bookmark\">Perch\u00e9 il coenzima Q10 \u00e8 importante per le donne in menopausa<\/a><\/h2>\t\t\t<\/div>\n\n\t\t\t<div class=\"entry-content\">\n\t\t\t\t<p>La menopausa \u00e8 una fase normale della vita di una donna, che si verifica generalmente tra i 45 e i 55 anni. Durante...<\/p>\n\t\t\t\t<a class=\"more-link\" href=\"https:\/\/www.naturopharma.net\/it\/coenzyme-q10-menopause-bien-etre\/\">Per saperne di pi\u00f9<span>+<\/span><\/a>\n\t\t\t<\/div>\n\t\t<\/div>\n\t<\/div>\n<\/div>\n<div class=\"column-item\">\n\t<div class=\"post-inner\">\n\n\t\t\t\t<div class=\"post-thumbnail\">\n\t\t\t\t\t<img loading=\"lazy\" decoding=\"async\" width=\"500\" height=\"330\" src=\"https:\/\/www.naturopharma.net\/wp-content\/uploads\/2026\/03\/zinc-peau-cheveux-500x330.png\" class=\"attachment-smartic-post-grid size-smartic-post-grid wp-post-image\" alt=\"\" title=\"\">\t\t\t<span class=\"categories-link\"><span class=\"screen-reader-text\">Categorie<\/span><a href=\"https:\/\/www.naturopharma.net\/it\/naturopharma\/\" rel=\"category tag\">Naturopharma<\/a> <a href=\"https:\/\/www.naturopharma.net\/it\/beaute\/\" rel=\"category tag\">Bellezza<\/a> <a href=\"https:\/\/www.naturopharma.net\/it\/complements-alimentaires\/\" rel=\"category tag\">Integratori alimentari<\/a> <a href=\"https:\/\/www.naturopharma.net\/it\/sante-bien-etre\/\" rel=\"category tag\">Salute e benessere<\/a><\/span>\t\t<\/div>\n\n\n\t\t<div class=\"content-wrap\">\n\t\t\t<div class=\"entry-header\">\n\t\t\t\t<div class=\"entry-meta\">\n\t\t\t\t\t<span class=\"posted-on\"><a href=\"https:\/\/www.naturopharma.net\/it\/zinc-sante-de-la-peau-cheveux\/\" rel=\"bookmark\"><time class=\"entry-date published\" datetime=\"2026-03-17T09:42:00+01:00\">17\/03\/2026<\/time><time class=\"updated\" datetime=\"2026-03-11T09:43:11+01:00\">11\/03\/2026<\/time><\/a><\/span> <span class=\"post-author\"><span>Da <a href=\"https:\/\/www.naturopharma.net\/it\/author\/naturopharma\/\" rel=\"author\">Caroline Pelissier<\/a><\/span><\/span>\t\t\t\t<\/div>\n\t\t\t\t<h2 class=\"alpha entry-title\"><a href=\"https:\/\/www.naturopharma.net\/it\/zinc-sante-de-la-peau-cheveux\/\" rel=\"bookmark\">Perch\u00e9 lo zinco \u00e8 essenziale per la salute di pelle e capelli<\/a><\/h2>\t\t\t<\/div>\n\n\t\t\t<div class=\"entry-content\">\n\t\t\t\t<p>Zinco: un elemento essenziale per la salute di pelle e capelli Introduzione Lo zinco \u00e8 un minerale essenziale per...<\/p>\n\t\t\t\t<a class=\"more-link\" href=\"https:\/\/www.naturopharma.net\/it\/zinc-sante-de-la-peau-cheveux\/\">Per saperne di pi\u00f9<span>+<\/span><\/a>\n\t\t\t<\/div>\n\t\t<\/div>\n\t<\/div>\n<\/div>\n<div class=\"column-item\">\n\t<div class=\"post-inner\">\n\n\t\t\t\t<div class=\"post-thumbnail\">\n\t\t\t\t\t<img loading=\"lazy\" decoding=\"async\" width=\"500\" height=\"330\" src=\"https:\/\/www.naturopharma.net\/wp-content\/uploads\/2026\/01\/glucosamine-500x330.png\" class=\"attachment-smartic-post-grid size-smartic-post-grid wp-post-image\" alt=\"\" title=\"\">\t\t\t<span class=\"categories-link\"><span class=\"screen-reader-text\">Categorie<\/span><a href=\"https:\/\/www.naturopharma.net\/it\/naturopharma\/\" rel=\"category tag\">Naturopharma<\/a> <a href=\"https:\/\/www.naturopharma.net\/it\/beaute\/\" rel=\"category tag\">Bellezza<\/a> <a href=\"https:\/\/www.naturopharma.net\/it\/complements-alimentaires\/\" rel=\"category tag\">Integratori alimentari<\/a> <a href=\"https:\/\/www.naturopharma.net\/it\/sante-bien-etre\/\" rel=\"category tag\">Salute e benessere<\/a><\/span>\t\t<\/div>\n\n\n\t\t<div class=\"content-wrap\">\n\t\t\t<div class=\"entry-header\">\n\t\t\t\t<div class=\"entry-meta\">\n\t\t\t\t\t<span class=\"posted-on\"><a href=\"https:\/\/www.naturopharma.net\/it\/glucosamine-articulations-athletes\/\" rel=\"bookmark\"><time class=\"entry-date published\" datetime=\"2026-03-11T09:36:12+01:00\">11\/03\/2026<\/time><time class=\"updated\" datetime=\"2026-03-11T09:36:19+01:00\">11\/03\/2026<\/time><\/a><\/span> <span class=\"post-author\"><span>Da <a href=\"https:\/\/www.naturopharma.net\/it\/author\/naturopharma\/\" rel=\"author\">Caroline Pelissier<\/a><\/span><\/span>\t\t\t\t<\/div>\n\t\t\t\t<h2 class=\"alpha entry-title\"><a href=\"https:\/\/www.naturopharma.net\/it\/glucosamine-articulations-athletes\/\" rel=\"bookmark\">I benefici della glucosamina per le articolazioni degli atleti<\/a><\/h2>\t\t\t<\/div>\n\n\t\t\t<div class=\"entry-content\">\n\t\t\t\t<p>Come atleti, che si tratti di corridori, calciatori o body-builder, la salute e la forma fisica sono essenziali per...<\/p>\n\t\t\t\t<a class=\"more-link\" href=\"https:\/\/www.naturopharma.net\/it\/glucosamine-articulations-athletes\/\">Per saperne di pi\u00f9<span>+<\/span><\/a>\n\t\t\t<\/div>\n\t\t<\/div>\n\t<\/div>\n<\/div>\n<div class=\"column-item\">\n\t<div class=\"post-inner\">\n\n\t\t\t\t<div class=\"post-thumbnail\">\n\t\t\t\t\t<img loading=\"lazy\" decoding=\"async\" width=\"500\" height=\"330\" src=\"https:\/\/www.naturopharma.net\/wp-content\/uploads\/2025\/08\/collagene-souplesse-500x330.jpg\" class=\"attachment-smartic-post-grid size-smartic-post-grid wp-post-image\" alt=\"\" title=\"\">\t\t\t<span class=\"categories-link\"><span class=\"screen-reader-text\">Categorie<\/span><a href=\"https:\/\/www.naturopharma.net\/it\/naturopharma\/\" rel=\"category tag\">Naturopharma<\/a> <a href=\"https:\/\/www.naturopharma.net\/it\/beaute\/\" rel=\"category tag\">Bellezza<\/a> <a href=\"https:\/\/www.naturopharma.net\/it\/complements-alimentaires\/\" rel=\"category tag\">Integratori alimentari<\/a> <a href=\"https:\/\/www.naturopharma.net\/it\/sante-bien-etre\/\" rel=\"category tag\">Salute e benessere<\/a><\/span>\t\t<\/div>\n\n\n\t\t<div class=\"content-wrap\">\n\t\t\t<div class=\"entry-header\">\n\t\t\t\t<div class=\"entry-meta\">\n\t\t\t\t\t<span class=\"posted-on\"><a href=\"https:\/\/www.naturopharma.net\/it\/collagene-peau-elastique-anti-age\/\" rel=\"bookmark\"><time class=\"entry-date published\" datetime=\"2025-11-11T08:31:20+01:00\">11\/11\/2025<\/time><time class=\"updated\" datetime=\"2025-11-11T08:31:23+01:00\">11\/11\/2025<\/time><\/a><\/span> <span class=\"post-author\"><span>Da <a href=\"https:\/\/www.naturopharma.net\/it\/author\/naturopharma\/\" rel=\"author\">Caroline Pelissier<\/a><\/span><\/span>\t\t\t\t<\/div>\n\t\t\t\t<h2 class=\"alpha entry-title\"><a href=\"https:\/\/www.naturopharma.net\/it\/collagene-peau-elastique-anti-age\/\" rel=\"bookmark\">Perch\u00e9 il collagene \u00e8 essenziale per una pelle elastica<\/a><\/h2>\t\t\t<\/div>\n\n\t\t\t<div class=\"entry-content\">\n\t\t\t\t<p>Il collagene: cos'\u00e8? Il collagene \u00e8 una proteina fibrosa presente nella pelle, nelle ossa, nelle cellule...<\/p>\n\t\t\t\t<a class=\"more-link\" href=\"https:\/\/www.naturopharma.net\/it\/collagene-peau-elastique-anti-age\/\">Per saperne di pi\u00f9<span>+<\/span><\/a>\n\t\t\t<\/div>\n\t\t<\/div>\n\t<\/div>\n<\/div>\n<div class=\"column-item\">\n\t<div class=\"post-inner\">\n\n\t\t\t\t<div class=\"post-thumbnail\">\n\t\t\t\t\t<img loading=\"lazy\" decoding=\"async\" width=\"500\" height=\"330\" src=\"https:\/\/www.naturopharma.net\/wp-content\/uploads\/2025\/08\/collagene-cheveux-ongles-500x330.jpg\" class=\"attachment-smartic-post-grid size-smartic-post-grid wp-post-image\" alt=\"\" srcset=\"https:\/\/www.naturopharma.net\/wp-content\/uploads\/2025\/08\/collagene-cheveux-ongles-500x330.jpg 500w, https:\/\/www.naturopharma.net\/wp-content\/uploads\/2025\/08\/collagene-cheveux-ongles-18x12.jpg 18w, https:\/\/www.naturopharma.net\/wp-content\/uploads\/2025\/08\/collagene-cheveux-ongles-110x73.jpg 110w, https:\/\/www.naturopharma.net\/wp-content\/uploads\/2025\/08\/collagene-cheveux-ongles-60x40.jpg 60w\" sizes=\"(max-width: 500px) 100vw, 500px\" title=\"\">\t\t\t<span class=\"categories-link\"><span class=\"screen-reader-text\">Categorie<\/span><a href=\"https:\/\/www.naturopharma.net\/it\/naturopharma\/\" rel=\"category tag\">Naturopharma<\/a> <a href=\"https:\/\/www.naturopharma.net\/it\/beaute\/\" rel=\"category tag\">Bellezza<\/a> <a href=\"https:\/\/www.naturopharma.net\/it\/complements-alimentaires\/\" rel=\"category tag\">Integratori alimentari<\/a> <a href=\"https:\/\/www.naturopharma.net\/it\/sante-bien-etre\/\" rel=\"category tag\">Salute e benessere<\/a><\/span>\t\t<\/div>\n\n\n\t\t<div class=\"content-wrap\">\n\t\t\t<div class=\"entry-header\">\n\t\t\t\t<div class=\"entry-meta\">\n\t\t\t\t\t<span class=\"posted-on\"><a href=\"https:\/\/www.naturopharma.net\/it\/collagene-ongles-cheveux\/\" rel=\"bookmark\"><time class=\"entry-date published\" datetime=\"2025-08-15T08:15:22+02:00\">15\/08\/2025<\/time><time class=\"updated\" datetime=\"2025-08-15T08:15:27+02:00\">15\/08\/2025<\/time><\/a><\/span> <span class=\"post-author\"><span>Da <a href=\"https:\/\/www.naturopharma.net\/it\/author\/naturopharma\/\" rel=\"author\">Caroline Pelissier<\/a><\/span><\/span>\t\t\t\t<\/div>\n\t\t\t\t<h2 class=\"alpha entry-title\"><a href=\"https:\/\/www.naturopharma.net\/it\/collagene-ongles-cheveux\/\" rel=\"bookmark\">Come il collagene pu\u00f2 rafforzare unghie e capelli<\/a><\/h2>\t\t\t<\/div>\n\n\t\t\t<div class=\"entry-content\">\n\t\t\t\t<p>Che cos'\u00e8 il collagene? Il collagene \u00e8 una proteina naturalmente presente nel nostro corpo, in particolare nella pelle, nelle ossa,...<\/p>\n\t\t\t\t<a class=\"more-link\" href=\"https:\/\/www.naturopharma.net\/it\/collagene-ongles-cheveux\/\">Per saperne di pi\u00f9<span>+<\/span><\/a>\n\t\t\t<\/div>\n\t\t<\/div>\n\t<\/div>\n<\/div>\n<div class=\"column-item\">\n\t<div class=\"post-inner\">\n\n\t\t\t\t<div class=\"post-thumbnail\">\n\t\t\t\t\t<img loading=\"lazy\" decoding=\"async\" width=\"500\" height=\"330\" src=\"https:\/\/www.naturopharma.net\/wp-content\/uploads\/2025\/07\/q10-sport-500x330.jpg\" class=\"attachment-smartic-post-grid size-smartic-post-grid wp-post-image\" alt=\"\" srcset=\"https:\/\/www.naturopharma.net\/wp-content\/uploads\/2025\/07\/q10-sport-500x330.jpg 500w, https:\/\/www.naturopharma.net\/wp-content\/uploads\/2025\/07\/q10-sport-18x12.jpg 18w, https:\/\/www.naturopharma.net\/wp-content\/uploads\/2025\/07\/q10-sport-110x73.jpg 110w, https:\/\/www.naturopharma.net\/wp-content\/uploads\/2025\/07\/q10-sport-60x40.jpg 60w\" sizes=\"(max-width: 500px) 100vw, 500px\" title=\"\">\t\t\t<span class=\"categories-link\"><span class=\"screen-reader-text\">Categorie<\/span><a href=\"https:\/\/www.naturopharma.net\/it\/naturopharma\/\" rel=\"category tag\">Naturopharma<\/a> <a href=\"https:\/\/www.naturopharma.net\/it\/beaute\/\" rel=\"category tag\">Bellezza<\/a> <a href=\"https:\/\/www.naturopharma.net\/it\/complements-alimentaires\/\" rel=\"category tag\">Integratori alimentari<\/a> <a href=\"https:\/\/www.naturopharma.net\/it\/sante-bien-etre\/\" rel=\"category tag\">Salute e benessere<\/a><\/span>\t\t<\/div>\n\n\n\t\t<div class=\"content-wrap\">\n\t\t\t<div class=\"entry-header\">\n\t\t\t\t<div class=\"entry-meta\">\n\t\t\t\t\t<span class=\"posted-on\"><a href=\"https:\/\/www.naturopharma.net\/it\/coenzyme-q10-athletes-energie\/\" rel=\"bookmark\"><time class=\"entry-date published\" datetime=\"2025-07-25T10:25:16+02:00\">25\/07\/2025<\/time><time class=\"updated\" datetime=\"2025-07-25T20:18:39+02:00\">25\/07\/2025<\/time><\/a><\/span> <span class=\"post-author\"><span>Da <a href=\"https:\/\/www.naturopharma.net\/it\/author\/naturopharma\/\" rel=\"author\">Caroline Pelissier<\/a><\/span><\/span>\t\t\t\t<\/div>\n\t\t\t\t<h2 class=\"alpha entry-title\"><a href=\"https:\/\/www.naturopharma.net\/it\/coenzyme-q10-athletes-energie\/\" rel=\"bookmark\">Perch\u00e9 il coenzima Q10 \u00e8 fondamentale per gli atleti?<\/a><\/h2>\t\t\t<\/div>\n\n\t\t\t<div class=\"entry-content\">\n\t\t\t\t<p>Che cos'\u00e8 il coenzima Q10? Il coenzima Q10, noto anche come ubichinone, \u00e8 una sostanza prodotta naturalmente dal corpo umano....<\/p>\n\t\t\t\t<a class=\"more-link\" href=\"https:\/\/www.naturopharma.net\/it\/coenzyme-q10-athletes-energie\/\">Per saperne di pi\u00f9<span>+<\/span><\/a>\n\t\t\t<\/div>\n\t\t<\/div>\n\t<\/div>\n<\/div>\n<div class=\"column-item\">\n\t<div class=\"post-inner\">\n\n\t\t\t\t<div class=\"post-thumbnail\">\n\t\t\t\t\t<img loading=\"lazy\" decoding=\"async\" width=\"500\" height=\"330\" src=\"https:\/\/www.naturopharma.net\/wp-content\/uploads\/2025\/07\/melatonine-sommeil-2-500x330.jpg\" class=\"attachment-smartic-post-grid size-smartic-post-grid wp-post-image\" alt=\"\" srcset=\"https:\/\/www.naturopharma.net\/wp-content\/uploads\/2025\/07\/melatonine-sommeil-2-500x330.jpg 500w, https:\/\/www.naturopharma.net\/wp-content\/uploads\/2025\/07\/melatonine-sommeil-2-18x12.jpg 18w, https:\/\/www.naturopharma.net\/wp-content\/uploads\/2025\/07\/melatonine-sommeil-2-110x73.jpg 110w, https:\/\/www.naturopharma.net\/wp-content\/uploads\/2025\/07\/melatonine-sommeil-2-60x40.jpg 60w\" sizes=\"(max-width: 500px) 100vw, 500px\" title=\"\">\t\t\t<span class=\"categories-link\"><span class=\"screen-reader-text\">Categorie<\/span><a href=\"https:\/\/www.naturopharma.net\/it\/naturopharma\/\" rel=\"category tag\">Naturopharma<\/a> <a href=\"https:\/\/www.naturopharma.net\/it\/beaute\/\" rel=\"category tag\">Bellezza<\/a> <a href=\"https:\/\/www.naturopharma.net\/it\/complements-alimentaires\/\" rel=\"category tag\">Integratori alimentari<\/a> <a href=\"https:\/\/www.naturopharma.net\/it\/sante-bien-etre\/\" rel=\"category tag\">Salute e benessere<\/a><\/span>\t\t<\/div>\n\n\n\t\t<div class=\"content-wrap\">\n\t\t\t<div class=\"entry-header\">\n\t\t\t\t<div class=\"entry-meta\">\n\t\t\t\t\t<span class=\"posted-on\"><a href=\"https:\/\/www.naturopharma.net\/it\/melatonine-humeur-sante-mentale\/\" rel=\"bookmark\"><time class=\"entry-date published\" datetime=\"2025-07-25T10:20:33+02:00\">25\/07\/2025<\/time><time class=\"updated\" datetime=\"2025-07-25T10:20:36+02:00\">25\/07\/2025<\/time><\/a><\/span> <span class=\"post-author\"><span>Da <a href=\"https:\/\/www.naturopharma.net\/it\/author\/naturopharma\/\" rel=\"author\">Caroline Pelissier<\/a><\/span><\/span>\t\t\t\t<\/div>\n\t\t\t\t<h2 class=\"alpha entry-title\"><a href=\"https:\/\/www.naturopharma.net\/it\/melatonine-humeur-sante-mentale\/\" rel=\"bookmark\">Gli effetti della melatonina sull'umore e sulla salute mentale<\/a><\/h2>\t\t\t<\/div>\n\n\t\t\t<div class=\"entry-content\">\n\t\t\t\t<p>La melatonina, spesso chiamata \u00abormone del sonno\u00bb, \u00e8 un ormone prodotto naturalmente dal nostro corpo che regola il ciclo sonno-veglia. \u00c8...<\/p>\n\t\t\t\t<a class=\"more-link\" href=\"https:\/\/www.naturopharma.net\/it\/melatonine-humeur-sante-mentale\/\">Per saperne di pi\u00f9<span>+<\/span><\/a>\n\t\t\t<\/div>\n\t\t<\/div>\n\t<\/div>\n<\/div>\n<div class=\"column-item\">\n\t<div class=\"post-inner\">\n\n\t\t\t\t<div class=\"post-thumbnail\">\n\t\t\t\t\t<img loading=\"lazy\" decoding=\"async\" width=\"500\" height=\"330\" src=\"https:\/\/www.naturopharma.net\/wp-content\/uploads\/2025\/06\/melatonine-sommeil-500x330.jpg\" class=\"attachment-smartic-post-grid size-smartic-post-grid wp-post-image\" alt=\"\" srcset=\"https:\/\/www.naturopharma.net\/wp-content\/uploads\/2025\/06\/melatonine-sommeil-500x330.jpg 500w, https:\/\/www.naturopharma.net\/wp-content\/uploads\/2025\/06\/melatonine-sommeil-18x12.jpg 18w, https:\/\/www.naturopharma.net\/wp-content\/uploads\/2025\/06\/melatonine-sommeil-110x73.jpg 110w, https:\/\/www.naturopharma.net\/wp-content\/uploads\/2025\/06\/melatonine-sommeil-60x40.jpg 60w\" sizes=\"(max-width: 500px) 100vw, 500px\" title=\"\">\t\t\t<span class=\"categories-link\"><span class=\"screen-reader-text\">Categorie<\/span><a href=\"https:\/\/www.naturopharma.net\/it\/naturopharma\/\" rel=\"category tag\">Naturopharma<\/a> <a href=\"https:\/\/www.naturopharma.net\/it\/beaute\/\" rel=\"category tag\">Bellezza<\/a> <a href=\"https:\/\/www.naturopharma.net\/it\/complements-alimentaires\/\" rel=\"category tag\">Integratori alimentari<\/a> <a href=\"https:\/\/www.naturopharma.net\/it\/sante-bien-etre\/\" rel=\"category tag\">Salute e benessere<\/a><\/span>\t\t<\/div>\n\n\n\t\t<div class=\"content-wrap\">\n\t\t\t<div class=\"entry-header\">\n\t\t\t\t<div class=\"entry-meta\">\n\t\t\t\t\t<span class=\"posted-on\"><a href=\"https:\/\/www.naturopharma.net\/it\/melatonine-decalage-horaire-sommeil-reparateur\/\" rel=\"bookmark\"><time class=\"entry-date published\" datetime=\"2025-06-30T09:31:31+02:00\">30\/06\/2025<\/time><time class=\"updated\" datetime=\"2025-06-30T09:31:33+02:00\">30\/06\/2025<\/time><\/a><\/span> <span class=\"post-author\"><span>Da <a href=\"https:\/\/www.naturopharma.net\/it\/author\/naturopharma\/\" rel=\"author\">Caroline Pelissier<\/a><\/span><\/span>\t\t\t\t<\/div>\n\t\t\t\t<h2 class=\"alpha entry-title\"><a href=\"https:\/\/www.naturopharma.net\/it\/melatonine-decalage-horaire-sommeil-reparateur\/\" rel=\"bookmark\">I benefici della melatonina nella gestione del jet lag<\/a><\/h2>\t\t\t<\/div>\n\n\t\t\t<div class=\"entry-content\">\n\t\t\t\t<p>Che cos'\u00e8 il jet lag? Il jet lag, noto anche come ritardo del viaggio, \u00e8 un fenomeno comune che si verifica quando...<\/p>\n\t\t\t\t<a class=\"more-link\" href=\"https:\/\/www.naturopharma.net\/it\/melatonine-decalage-horaire-sommeil-reparateur\/\">Per saperne di pi\u00f9<span>+<\/span><\/a>\n\t\t\t<\/div>\n\t\t<\/div>\n\t<\/div>\n<\/div>\n<div class=\"column-item\">\n\t<div class=\"post-inner\">\n\n\t\t\t\t<div class=\"post-thumbnail\">\n\t\t\t\t\t<img loading=\"lazy\" decoding=\"async\" width=\"500\" height=\"330\" src=\"https:\/\/www.naturopharma.net\/wp-content\/uploads\/2025\/06\/cheveux-ongles-zinc-500x330.jpg\" class=\"attachment-smartic-post-grid size-smartic-post-grid wp-post-image\" alt=\"\" title=\"\">\t\t\t<span class=\"categories-link\"><span class=\"screen-reader-text\">Categorie<\/span><a href=\"https:\/\/www.naturopharma.net\/it\/naturopharma\/\" rel=\"category tag\">Naturopharma<\/a> <a href=\"https:\/\/www.naturopharma.net\/it\/beaute\/\" rel=\"category tag\">Bellezza<\/a> <a href=\"https:\/\/www.naturopharma.net\/it\/complements-alimentaires\/\" rel=\"category tag\">Integratori alimentari<\/a> <a href=\"https:\/\/www.naturopharma.net\/it\/sante-bien-etre\/\" rel=\"category tag\">Salute e benessere<\/a><\/span>\t\t<\/div>\n\n\n\t\t<div class=\"content-wrap\">\n\t\t\t<div class=\"entry-header\">\n\t\t\t\t<div class=\"entry-meta\">\n\t\t\t\t\t<span class=\"posted-on\"><a href=\"https:\/\/www.naturopharma.net\/it\/zinc-ongles-cheveux\/\" rel=\"bookmark\"><time class=\"entry-date published\" datetime=\"2025-06-26T10:11:01+02:00\">26\/06\/2025<\/time><time class=\"updated\" datetime=\"2025-06-26T10:26:49+02:00\">26\/06\/2025<\/time><\/a><\/span> <span class=\"post-author\"><span>Da <a href=\"https:\/\/www.naturopharma.net\/it\/author\/naturopharma\/\" rel=\"author\">Caroline Pelissier<\/a><\/span><\/span>\t\t\t\t<\/div>\n\t\t\t\t<h2 class=\"alpha entry-title\"><a href=\"https:\/\/www.naturopharma.net\/it\/zinc-ongles-cheveux\/\" rel=\"bookmark\">I benefici dello zinco per unghie e capelli<\/a><\/h2>\t\t\t<\/div>\n\n\t\t\t<div class=\"entry-content\">\n\t\t\t\t<p>Che cos'\u00e8 lo zinco? Lo zinco \u00e8 un oligoelemento essenziale per la nostra salute, ma che il nostro organismo non \u00e8 in grado di...<\/p>\n\t\t\t\t<a class=\"more-link\" href=\"https:\/\/www.naturopharma.net\/it\/zinc-ongles-cheveux\/\">Per saperne di pi\u00f9<span>+<\/span><\/a>\n\t\t\t<\/div>\n\t\t<\/div>\n\t<\/div>\n<\/div>\n<div class=\"column-item\">\n\t<div class=\"post-inner\">\n\n\t\t\t\t<div class=\"post-thumbnail\">\n\t\t\t\t\t<img loading=\"lazy\" decoding=\"async\" width=\"500\" height=\"330\" src=\"https:\/\/www.naturopharma.net\/wp-content\/uploads\/2025\/05\/alimentation-peau-500x330.jpg\" class=\"attachment-smartic-post-grid size-smartic-post-grid wp-post-image\" alt=\"\" title=\"\">\t\t\t<span class=\"categories-link\"><span class=\"screen-reader-text\">Categorie<\/span><a href=\"https:\/\/www.naturopharma.net\/it\/naturopharma\/\" rel=\"category tag\">Naturopharma<\/a> <a href=\"https:\/\/www.naturopharma.net\/it\/beaute\/\" rel=\"category tag\">Bellezza<\/a> <a href=\"https:\/\/www.naturopharma.net\/it\/complements-alimentaires\/\" rel=\"category tag\">Integratori alimentari<\/a> <a href=\"https:\/\/www.naturopharma.net\/it\/sante-bien-etre\/\" rel=\"category tag\">Salute e benessere<\/a><\/span>\t\t<\/div>\n\n\n\t\t<div class=\"content-wrap\">\n\t\t\t<div class=\"entry-header\">\n\t\t\t\t<div class=\"entry-meta\">\n\t\t\t\t\t<span class=\"posted-on\"><a href=\"https:\/\/www.naturopharma.net\/it\/alimentation-sante-de-la-peau-nutrition\/\" rel=\"bookmark\"><time class=\"entry-date published\" datetime=\"2025-05-14T09:48:38+02:00\">14\/05\/2025<\/time><time class=\"updated\" datetime=\"2025-05-14T09:48:41+02:00\">14\/05\/2025<\/time><\/a><\/span> <span class=\"post-author\"><span>Da <a href=\"https:\/\/www.naturopharma.net\/it\/author\/naturopharma\/\" rel=\"author\">Caroline Pelissier<\/a><\/span><\/span>\t\t\t\t<\/div>\n\t\t\t\t<h2 class=\"alpha entry-title\"><a href=\"https:\/\/www.naturopharma.net\/it\/alimentation-sante-de-la-peau-nutrition\/\" rel=\"bookmark\">Come l'alimentazione influenza la salute della pelle<\/a><\/h2>\t\t\t<\/div>\n\n\t\t\t<div class=\"entry-content\">\n\t\t\t\t<p>L'impatto della dieta sulla salute della pelle Introduzione La pelle \u00e8 l'organo pi\u00f9 esteso del nostro corpo...<\/p>\n\t\t\t\t<a class=\"more-link\" href=\"https:\/\/www.naturopharma.net\/it\/alimentation-sante-de-la-peau-nutrition\/\">Per saperne di pi\u00f9<span>+<\/span><\/a>\n\t\t\t<\/div>\n\t\t<\/div>\n\t<\/div>\n<\/div>\n<div class=\"column-item\">\n\t<div class=\"post-inner\">\n\n\t\t\t\t<div class=\"post-thumbnail\">\n\t\t\t\t\t<img loading=\"lazy\" decoding=\"async\" width=\"500\" height=\"330\" src=\"https:\/\/www.naturopharma.net\/wp-content\/uploads\/2025\/05\/articulations-500x330.jpg\" class=\"attachment-smartic-post-grid size-smartic-post-grid wp-post-image\" alt=\"\" title=\"\">\t\t\t<span class=\"categories-link\"><span class=\"screen-reader-text\">Categorie<\/span><a href=\"https:\/\/www.naturopharma.net\/it\/naturopharma\/\" rel=\"category tag\">Naturopharma<\/a> <a href=\"https:\/\/www.naturopharma.net\/it\/beaute\/\" rel=\"category tag\">Bellezza<\/a> <a href=\"https:\/\/www.naturopharma.net\/it\/complements-alimentaires\/\" rel=\"category tag\">Integratori alimentari<\/a> <a href=\"https:\/\/www.naturopharma.net\/it\/sante-bien-etre\/\" rel=\"category tag\">Salute e benessere<\/a><\/span>\t\t<\/div>\n\n\n\t\t<div class=\"content-wrap\">\n\t\t\t<div class=\"entry-header\">\n\t\t\t\t<div class=\"entry-meta\">\n\t\t\t\t\t<span class=\"posted-on\"><a href=\"https:\/\/www.naturopharma.net\/it\/vieillissement-sante-des-articulations-prevention\/\" rel=\"bookmark\"><time class=\"entry-date published\" datetime=\"2025-05-13T20:43:47+02:00\">13\/05\/2025<\/time><time class=\"updated\" datetime=\"2025-06-29T18:42:44+02:00\">29\/06\/2025<\/time><\/a><\/span> <span class=\"post-author\"><span>Da <a href=\"https:\/\/www.naturopharma.net\/it\/author\/naturopharma\/\" rel=\"author\">Caroline Pelissier<\/a><\/span><\/span>\t\t\t\t<\/div>\n\t\t\t\t<h2 class=\"alpha entry-title\"><a href=\"https:\/\/www.naturopharma.net\/it\/vieillissement-sante-des-articulations-prevention\/\" rel=\"bookmark\">L'impatto dell'invecchiamento sulla salute delle articolazioni<\/a><\/h2>\t\t\t<\/div>\n\n\t\t\t<div class=\"entry-content\">\n\t\t\t\t<p>L'impatto dell'invecchiamento sulla salute delle articolazioni Una delle sfide pi\u00f9 comuni dell'invecchiamento \u00e8 il deterioramento delle articolazioni e...<\/p>\n\t\t\t\t<a class=\"more-link\" href=\"https:\/\/www.naturopharma.net\/it\/vieillissement-sante-des-articulations-prevention\/\">Per saperne di pi\u00f9<span>+<\/span><\/a>\n\t\t\t<\/div>\n\t\t<\/div>\n\t<\/div>\n<\/div>\n<div class=\"column-item\">\n\t<div class=\"post-inner\">\n\n\t\t\t\t<div class=\"post-thumbnail\">\n\t\t\t\t\t<img loading=\"lazy\" decoding=\"async\" width=\"500\" height=\"330\" src=\"https:\/\/www.naturopharma.net\/wp-content\/uploads\/2025\/04\/sommeil-complement-alimentaire-500x330.jpg\" class=\"attachment-smartic-post-grid size-smartic-post-grid wp-post-image\" alt=\"\" title=\"\">\t\t\t<span class=\"categories-link\"><span class=\"screen-reader-text\">Categorie<\/span><a href=\"https:\/\/www.naturopharma.net\/it\/naturopharma\/\" rel=\"category tag\">Naturopharma<\/a> <a href=\"https:\/\/www.naturopharma.net\/it\/beaute\/\" rel=\"category tag\">Bellezza<\/a> <a href=\"https:\/\/www.naturopharma.net\/it\/complements-alimentaires\/\" rel=\"category tag\">Integratori alimentari<\/a> <a href=\"https:\/\/www.naturopharma.net\/it\/sante-bien-etre\/\" rel=\"category tag\">Salute e benessere<\/a><\/span>\t\t<\/div>\n\n\n\t\t<div class=\"content-wrap\">\n\t\t\t<div class=\"entry-header\">\n\t\t\t\t<div class=\"entry-meta\">\n\t\t\t\t\t<span class=\"posted-on\"><a href=\"https:\/\/www.naturopharma.net\/it\/complements-alimentaires-sommeil-bien-etre\/\" rel=\"bookmark\"><time class=\"entry-date published\" datetime=\"2025-04-25T09:23:00+02:00\">25\/04\/2025<\/time><time class=\"updated\" datetime=\"2025-04-25T09:24:54+02:00\">25\/04\/2025<\/time><\/a><\/span> <span class=\"post-author\"><span>Da <a href=\"https:\/\/www.naturopharma.net\/it\/author\/naturopharma\/\" rel=\"author\">Caroline Pelissier<\/a><\/span><\/span>\t\t\t\t<\/div>\n\t\t\t\t<h2 class=\"alpha entry-title\"><a href=\"https:\/\/www.naturopharma.net\/it\/complements-alimentaires-sommeil-bien-etre\/\" rel=\"bookmark\">I benefici degli integratori alimentari per il sonno<\/a><\/h2>\t\t\t<\/div>\n\n\t\t\t<div class=\"entry-content\">\n\t\t\t\t<p>Cos'\u00e8 il sonno e perch\u00e9 \u00e8 importante? Il sonno \u00e8 un bisogno essenziale per il corpo umano, proprio come...<\/p>\n\t\t\t\t<a class=\"more-link\" href=\"https:\/\/www.naturopharma.net\/it\/complements-alimentaires-sommeil-bien-etre\/\">Per saperne di pi\u00f9<span>+<\/span><\/a>\n\t\t\t<\/div>\n\t\t<\/div>\n\t<\/div>\n<\/div>\n<div class=\"column-item\">\n\t<div class=\"post-inner\">\n\n\t\t\t\t<div class=\"post-thumbnail\">\n\t\t\t\t\t<img loading=\"lazy\" decoding=\"async\" width=\"500\" height=\"330\" src=\"https:\/\/www.naturopharma.net\/wp-content\/uploads\/2025\/02\/sommeil-reparateur-500x330.jpg\" class=\"attachment-smartic-post-grid size-smartic-post-grid wp-post-image\" alt=\"\" title=\"\">\t\t\t<span class=\"categories-link\"><span class=\"screen-reader-text\">Categorie<\/span><a href=\"https:\/\/www.naturopharma.net\/it\/naturopharma\/\" rel=\"category tag\">Naturopharma<\/a> <a href=\"https:\/\/www.naturopharma.net\/it\/beaute\/\" rel=\"category tag\">Bellezza<\/a> <a href=\"https:\/\/www.naturopharma.net\/it\/complements-alimentaires\/\" rel=\"category tag\">Integratori alimentari<\/a> <a href=\"https:\/\/www.naturopharma.net\/it\/sante-bien-etre\/\" rel=\"category tag\">Salute e benessere<\/a><\/span>\t\t<\/div>\n\n\n\t\t<div class=\"content-wrap\">\n\t\t\t<div class=\"entry-header\">\n\t\t\t\t<div class=\"entry-meta\">\n\t\t\t\t\t<span class=\"posted-on\"><a href=\"https:\/\/www.naturopharma.net\/it\/ingredients-naturels-sommeil-reparateur-bien-etre\/\" rel=\"bookmark\"><time class=\"entry-date published\" datetime=\"2025-04-20T07:34:48+02:00\">20\/04\/2025<\/time><time class=\"updated\" datetime=\"2025-05-13T20:35:04+02:00\">13\/05\/2025<\/time><\/a><\/span> <span class=\"post-author\"><span>Da <a href=\"https:\/\/www.naturopharma.net\/it\/author\/naturopharma\/\" rel=\"author\">Caroline Pelissier<\/a><\/span><\/span>\t\t\t\t<\/div>\n\t\t\t\t<h2 class=\"alpha entry-title\"><a href=\"https:\/\/www.naturopharma.net\/it\/ingredients-naturels-sommeil-reparateur-bien-etre\/\" rel=\"bookmark\">I migliori ingredienti naturali per una buona notte di sonno<\/a><\/h2>\t\t\t<\/div>\n\n\t\t\t<div class=\"entry-content\">\n\t\t\t\t<p>I migliori ingredienti naturali per un sonno ristoratore Introduzione Viviamo in un mondo in cui il tempo e lo stress sono diventati...<\/p>\n\t\t\t\t<a class=\"more-link\" href=\"https:\/\/www.naturopharma.net\/it\/ingredients-naturels-sommeil-reparateur-bien-etre\/\">Per saperne di pi\u00f9<span>+<\/span><\/a>\n\t\t\t<\/div>\n\t\t<\/div>\n\t<\/div>\n<\/div>\n<div class=\"column-item\">\n\t<div class=\"post-inner\">\n\n\t\t\t\t<div class=\"post-thumbnail\">\n\t\t\t\t\t<img loading=\"lazy\" decoding=\"async\" width=\"500\" height=\"330\" src=\"https:\/\/www.naturopharma.net\/wp-content\/uploads\/2025\/01\/griffe-du-diable-articulations-500x330.jpg\" class=\"attachment-smartic-post-grid size-smartic-post-grid wp-post-image\" alt=\"\" title=\"\">\t\t\t<span class=\"categories-link\"><span class=\"screen-reader-text\">Categorie<\/span><a href=\"https:\/\/www.naturopharma.net\/it\/naturopharma\/\" rel=\"category tag\">Naturopharma<\/a> <a href=\"https:\/\/www.naturopharma.net\/it\/beaute\/\" rel=\"category tag\">Bellezza<\/a> <a href=\"https:\/\/www.naturopharma.net\/it\/complements-alimentaires\/\" rel=\"category tag\">Integratori alimentari<\/a> <a href=\"https:\/\/www.naturopharma.net\/it\/sante-bien-etre\/\" rel=\"category tag\">Salute e benessere<\/a><\/span>\t\t<\/div>\n\n\n\t\t<div class=\"content-wrap\">\n\t\t\t<div class=\"entry-header\">\n\t\t\t\t<div class=\"entry-meta\">\n\t\t\t\t\t<span class=\"posted-on\"><a href=\"https:\/\/www.naturopharma.net\/it\/griffe-du-diable-sante-des-articulations-remede-naturel\/\" rel=\"bookmark\"><time class=\"entry-date published\" datetime=\"2025-04-17T12:41:21+02:00\">17\/04\/2025<\/time><time class=\"updated\" datetime=\"2025-05-13T20:40:12+02:00\">13\/05\/2025<\/time><\/a><\/span> <span class=\"post-author\"><span>Da <a href=\"https:\/\/www.naturopharma.net\/it\/author\/naturopharma\/\" rel=\"author\">Caroline Pelissier<\/a><\/span><\/span>\t\t\t\t<\/div>\n\t\t\t\t<h2 class=\"alpha entry-title\"><a href=\"https:\/\/www.naturopharma.net\/it\/griffe-du-diable-sante-des-articulations-remede-naturel\/\" rel=\"bookmark\">L'importanza dell'artiglio del diavolo per la salute delle articolazioni<\/a><\/h2>\t\t\t<\/div>\n\n\t\t\t<div class=\"entry-content\">\n\t\t\t\t<p>Che cos'\u00e8 l'artiglio del diavolo? L'artiglio del diavolo \u00e8 una pianta originaria del Sudafrica, conosciuta anche come...<\/p>\n\t\t\t\t<a class=\"more-link\" href=\"https:\/\/www.naturopharma.net\/it\/griffe-du-diable-sante-des-articulations-remede-naturel\/\">Per saperne di pi\u00f9<span>+<\/span><\/a>\n\t\t\t<\/div>\n\t\t<\/div>\n\t<\/div>\n<\/div>\n<div class=\"column-item\">\n\t<div class=\"post-inner\">\n\n\t\t\t\t<div class=\"post-thumbnail\">\n\t\t\t\t\t<img loading=\"lazy\" decoding=\"async\" width=\"500\" height=\"330\" src=\"https:\/\/www.naturopharma.net\/wp-content\/uploads\/2025\/04\/antioxydant-peau-500x330.jpg\" class=\"attachment-smartic-post-grid size-smartic-post-grid wp-post-image\" alt=\"\" title=\"\">\t\t\t<span class=\"categories-link\"><span class=\"screen-reader-text\">Categorie<\/span><a href=\"https:\/\/www.naturopharma.net\/it\/naturopharma\/\" rel=\"category tag\">Naturopharma<\/a> <a href=\"https:\/\/www.naturopharma.net\/it\/beaute\/\" rel=\"category tag\">Bellezza<\/a> <a href=\"https:\/\/www.naturopharma.net\/it\/complements-alimentaires\/\" rel=\"category tag\">Integratori alimentari<\/a> <a href=\"https:\/\/www.naturopharma.net\/it\/sante-bien-etre\/\" rel=\"category tag\">Salute e benessere<\/a><\/span>\t\t<\/div>\n\n\n\t\t<div class=\"content-wrap\">\n\t\t\t<div class=\"entry-header\">\n\t\t\t\t<div class=\"entry-meta\">\n\t\t\t\t\t<span class=\"posted-on\"><a href=\"https:\/\/www.naturopharma.net\/it\/antioxydants-peau-bienfaits-sante\/\" rel=\"bookmark\"><time class=\"entry-date published\" datetime=\"2025-04-14T12:29:05+02:00\">14\/04\/2025<\/time><time class=\"updated\" datetime=\"2025-05-14T09:50:02+02:00\">14\/05\/2025<\/time><\/a><\/span> <span class=\"post-author\"><span>Da <a href=\"https:\/\/www.naturopharma.net\/it\/author\/naturopharma\/\" rel=\"author\">Caroline Pelissier<\/a><\/span><\/span>\t\t\t\t<\/div>\n\t\t\t\t<h2 class=\"alpha entry-title\"><a href=\"https:\/\/www.naturopharma.net\/it\/antioxydants-peau-bienfaits-sante\/\" rel=\"bookmark\">La verit\u00e0 sugli antiossidanti e il loro impatto sulla pelle<\/a><\/h2>\t\t\t<\/div>\n\n\t\t\t<div class=\"entry-content\">\n\t\t\t\t<p>Cosa sono gli antiossidanti? Gli antiossidanti sono molecole che proteggono le cellule dai danni causati dai raggi solari....<\/p>\n\t\t\t\t<a class=\"more-link\" href=\"https:\/\/www.naturopharma.net\/it\/antioxydants-peau-bienfaits-sante\/\">Per saperne di pi\u00f9<span>+<\/span><\/a>\n\t\t\t<\/div>\n\t\t<\/div>\n\t<\/div>\n<\/div>\n<div class=\"column-item\">\n\t<div class=\"post-inner\">\n\n\t\t\t\t<div class=\"post-thumbnail\">\n\t\t\t\t\t<img loading=\"lazy\" decoding=\"async\" width=\"500\" height=\"330\" src=\"https:\/\/www.naturopharma.net\/wp-content\/uploads\/2025\/04\/mineraux-soin-peau-500x330.jpg\" class=\"attachment-smartic-post-grid size-smartic-post-grid wp-post-image\" alt=\"\" title=\"\">\t\t\t<span class=\"categories-link\"><span class=\"screen-reader-text\">Categorie<\/span><a href=\"https:\/\/www.naturopharma.net\/it\/naturopharma\/\" rel=\"category tag\">Naturopharma<\/a> <a href=\"https:\/\/www.naturopharma.net\/it\/beaute\/\" rel=\"category tag\">Bellezza<\/a> <a href=\"https:\/\/www.naturopharma.net\/it\/complements-alimentaires\/\" rel=\"category tag\">Integratori alimentari<\/a> <a href=\"https:\/\/www.naturopharma.net\/it\/sante-bien-etre\/\" rel=\"category tag\">Salute e benessere<\/a><\/span>\t\t<\/div>\n\n\n\t\t<div class=\"content-wrap\">\n\t\t\t<div class=\"entry-header\">\n\t\t\t\t<div class=\"entry-meta\">\n\t\t\t\t\t<span class=\"posted-on\"><a href=\"https:\/\/www.naturopharma.net\/it\/mineraux-soins-de-la-peau-sante-cutanee\/\" rel=\"bookmark\"><time class=\"entry-date published\" datetime=\"2025-04-09T12:22:40+02:00\">09\/04\/2025<\/time><time class=\"updated\" datetime=\"2025-04-09T12:22:44+02:00\">09\/04\/2025<\/time><\/a><\/span> <span class=\"post-author\"><span>Da <a href=\"https:\/\/www.naturopharma.net\/it\/author\/naturopharma\/\" rel=\"author\">Caroline Pelissier<\/a><\/span><\/span>\t\t\t\t<\/div>\n\t\t\t\t<h2 class=\"alpha entry-title\"><a href=\"https:\/\/www.naturopharma.net\/it\/mineraux-soins-de-la-peau-sante-cutanee\/\" rel=\"bookmark\">L'importanza dei minerali nella cura della pelle<\/a><\/h2>\t\t\t<\/div>\n\n\t\t\t<div class=\"entry-content\">\n\t\t\t\t<p>La pelle \u00e8 l'organo pi\u00f9 grande e visibile del nostro corpo. Svolge un ruolo cruciale...<\/p>\n\t\t\t\t<a class=\"more-link\" href=\"https:\/\/www.naturopharma.net\/it\/mineraux-soins-de-la-peau-sante-cutanee\/\">Per saperne di pi\u00f9<span>+<\/span><\/a>\n\t\t\t<\/div>\n\t\t<\/div>\n\t<\/div>\n<\/div>\n<div class=\"column-item\">\n\t<div class=\"post-inner\">\n\n\t\t\t\t<div class=\"post-thumbnail\">\n\t\t\t\t\t<img loading=\"lazy\" decoding=\"async\" width=\"500\" height=\"330\" src=\"https:\/\/www.naturopharma.net\/wp-content\/uploads\/2025\/04\/Q10-cerveau-memeoire-500x330.jpg\" class=\"attachment-smartic-post-grid size-smartic-post-grid wp-post-image\" alt=\"\" title=\"\">\t\t\t<span class=\"categories-link\"><span class=\"screen-reader-text\">Categorie<\/span><a href=\"https:\/\/www.naturopharma.net\/it\/naturopharma\/\" rel=\"category tag\">Naturopharma<\/a> <a href=\"https:\/\/www.naturopharma.net\/it\/beaute\/\" rel=\"category tag\">Bellezza<\/a> <a href=\"https:\/\/www.naturopharma.net\/it\/complements-alimentaires\/\" rel=\"category tag\">Integratori alimentari<\/a> <a href=\"https:\/\/www.naturopharma.net\/it\/sante-bien-etre\/\" rel=\"category tag\">Salute e benessere<\/a><\/span>\t\t<\/div>\n\n\n\t\t<div class=\"content-wrap\">\n\t\t\t<div class=\"entry-header\">\n\t\t\t\t<div class=\"entry-meta\">\n\t\t\t\t\t<span class=\"posted-on\"><a href=\"https:\/\/www.naturopharma.net\/it\/coenzyme-q10-cerveau-memoire\/\" rel=\"bookmark\"><time class=\"entry-date published\" datetime=\"2025-04-09T12:18:51+02:00\">09\/04\/2025<\/time><time class=\"updated\" datetime=\"2025-04-09T12:18:55+02:00\">09\/04\/2025<\/time><\/a><\/span> <span class=\"post-author\"><span>Da <a href=\"https:\/\/www.naturopharma.net\/it\/author\/naturopharma\/\" rel=\"author\">Caroline Pelissier<\/a><\/span><\/span>\t\t\t\t<\/div>\n\t\t\t\t<h2 class=\"alpha entry-title\"><a href=\"https:\/\/www.naturopharma.net\/it\/coenzyme-q10-cerveau-memoire\/\" rel=\"bookmark\">I benefici del coenzima Q10 per il cervello e la memoria<\/a><\/h2>\t\t\t<\/div>\n\n\t\t\t<div class=\"entry-content\">\n\t\t\t\t<p>I benefici del coenzima Q10 per il cervello e la memoria: una risorsa per la nostra salute cognitiva Cos'\u00e8 il coenzima...<\/p>\n\t\t\t\t<a class=\"more-link\" href=\"https:\/\/www.naturopharma.net\/it\/coenzyme-q10-cerveau-memoire\/\">Per saperne di pi\u00f9<span>+<\/span><\/a>\n\t\t\t<\/div>\n\t\t<\/div>\n\t<\/div>\n<\/div>\n            <\/div>\n\n                            <div class=\"pagination\">\n                            <div class=\"pagination\">\n            <nav class=\"elementor-pagination\" role=\"navigation\"\n                 aria-label=\"Paginazione\">\n                <span aria-current=\"page\" class=\"page-numbers current\"><span class=\"elementor-screen-only\">Pagina<\/span>1<\/span>\n<a class=\"page-numbers\" href=\"https:\/\/www.naturopharma.net\/it\/wp-json\/wp\/v2\/pages\/26399\/page\/2\/\"><span class=\"elementor-screen-only\">Pagina<\/span>2<\/a>\n<a class=\"page-numbers\" href=\"https:\/\/www.naturopharma.net\/it\/wp-json\/wp\/v2\/pages\/26399\/page\/3\/\"><span class=\"elementor-screen-only\">Pagina<\/span>3<\/a>\n<span class=\"page-numbers dots\">...<\/span>\n<a class=\"page-numbers\" href=\"https:\/\/www.naturopharma.net\/it\/wp-json\/wp\/v2\/pages\/26399\/page\/13\/\"><span class=\"elementor-screen-only\">Pagina<\/span>13<\/a>            <\/nav>\n        <\/div>\n                        <\/div>\n                    <\/div>\n        \t\t\t\t<\/div>\n\t\t\t\t<\/div>\n\t\t\t\t\t<\/div>\n\t\t<\/div>\n\t\t\t\t\t<\/div>\n\t\t<\/section>\n\t\t\t\t<\/div>","protected":false},"excerpt":{"rendered":"<p>Nos Articles Sant\u00e9 &amp; Bien \u00eatrre Explorez notre univers Sant\u00e9 &amp; Bien-\u00eatre !D\u00e9couvrez des conseils pratiques, des analyses approfondies et des faits surprenants sur les compl\u00e9ments alimentaires et la nutrition.\u00a0 Que vous cherchiez \u00e0 optimiser votre forme, prendre soin de votre peau ou booster votre \u00e9nergie, nos articles vous guideront avec des informations fiables et [&hellip;]<\/p>\n","protected":false},"author":1,"featured_media":0,"parent":0,"menu_order":0,"comment_status":"closed","ping_status":"closed","template":"elementor_theme","meta":{"inline_featured_image":false,"iawp_total_views":53,"footnotes":""},"class_list":["post-26399","page","type-page","status-publish","hentry"],"_links":{"self":[{"href":"https:\/\/www.naturopharma.net\/it\/wp-json\/wp\/v2\/pages\/26399","targetHints":{"allow":["GET"]}}],"collection":[{"href":"https:\/\/www.naturopharma.net\/it\/wp-json\/wp\/v2\/pages"}],"about":[{"href":"https:\/\/www.naturopharma.net\/it\/wp-json\/wp\/v2\/types\/page"}],"author":[{"embeddable":true,"href":"https:\/\/www.naturopharma.net\/it\/wp-json\/wp\/v2\/users\/1"}],"replies":[{"embeddable":true,"href":"https:\/\/www.naturopharma.net\/it\/wp-json\/wp\/v2\/comments?post=26399"}],"version-history":[{"count":0,"href":"https:\/\/www.naturopharma.net\/it\/wp-json\/wp\/v2\/pages\/26399\/revisions"}],"wp:attachment":[{"href":"https:\/\/www.naturopharma.net\/it\/wp-json\/wp\/v2\/media?parent=26399"}],"curies":[{"name":"wp","href":"https:\/\/api.w.org\/{rel}","templated":true}]}}