{"id":26399,"date":"2025-03-15T16:33:01","date_gmt":"2025-03-15T15:33:01","guid":{"rendered":"https:\/\/www.naturopharma.net\/?page_id=26399"},"modified":"2025-03-15T16:37:28","modified_gmt":"2025-03-15T15:37:28","slug":"articles-naturopharma","status":"publish","type":"page","link":"https:\/\/www.naturopharma.net\/es\/articles-naturopharma\/","title":{"rendered":"Art\u00edculos Naturopharma"},"content":{"rendered":"<div data-elementor-type=\"wp-page\" data-elementor-id=\"26399\" class=\"elementor elementor-26399\" data-elementor-post-type=\"page\">\n\t\t\t\t\t\t<section class=\"elementor-section elementor-top-section elementor-element elementor-element-aadf599 elementor-section-stretched elementor-section-boxed elementor-section-height-default elementor-section-height-default\" data-id=\"aadf599\" data-element_type=\"section\" data-e-type=\"section\" data-settings=\"{&quot;stretch_section&quot;:&quot;section-stretched&quot;}\">\n\t\t\t\t\t\t<div class=\"elementor-container elementor-column-gap-default\">\n\t\t\t\t\t<div class=\"elementor-column elementor-col-50 elementor-top-column elementor-element elementor-element-8c621a6\" data-id=\"8c621a6\" data-element_type=\"column\" data-e-type=\"column\">\n\t\t\t<div class=\"elementor-widget-wrap elementor-element-populated\">\n\t\t\t\t\t\t<div class=\"elementor-element elementor-element-220fa56 elementor-widget elementor-widget-image\" data-id=\"220fa56\" data-element_type=\"widget\" data-e-type=\"widget\" data-widget_type=\"image.default\">\n\t\t\t\t\t\t\t\t\t\t\t\t\t\t\t<img fetchpriority=\"high\" decoding=\"async\" width=\"980\" height=\"567\" src=\"https:\/\/www.naturopharma.net\/wp-content\/uploads\/2025\/03\/articles-naturopharma.webp\" class=\"attachment-large size-large wp-image-26421\" alt=\"\" title=\"\">\t\t\t\t\t\t\t\t\t\t\t\t\t\t\t<\/div>\n\t\t\t\t\t<\/div>\n\t\t<\/div>\n\t\t\t\t<div class=\"elementor-column elementor-col-50 elementor-top-column elementor-element elementor-element-76667ce\" data-id=\"76667ce\" data-element_type=\"column\" data-e-type=\"column\">\n\t\t\t<div class=\"elementor-widget-wrap elementor-element-populated\">\n\t\t\t\t\t\t<div class=\"elementor-element elementor-element-436bf1c elementor-widget elementor-widget-heading\" data-id=\"436bf1c\" data-element_type=\"widget\" data-e-type=\"widget\" data-widget_type=\"heading.default\">\n\t\t\t\t\t<h2 class=\"elementor-heading-title elementor-size-default\">Nuestros art\u00edculos sobre salud y bienestar<\/h2>\t\t\t\t<\/div>\n\t\t\t\t<section class=\"elementor-section elementor-inner-section elementor-element elementor-element-f398bd6 elementor-section-boxed elementor-section-height-default elementor-section-height-default\" data-id=\"f398bd6\" data-element_type=\"section\" data-e-type=\"section\">\n\t\t\t\t\t\t<div class=\"elementor-container elementor-column-gap-default\">\n\t\t\t\t\t<div class=\"elementor-column elementor-col-100 elementor-inner-column elementor-element elementor-element-512acc6\" data-id=\"512acc6\" data-element_type=\"column\" data-e-type=\"column\">\n\t\t\t<div class=\"elementor-widget-wrap elementor-element-populated\">\n\t\t\t\t\t\t<div class=\"elementor-element elementor-element-1977bc4 elementor-widget__width-initial elementor-widget elementor-widget-text-editor\" data-id=\"1977bc4\" data-element_type=\"widget\" data-e-type=\"widget\" data-widget_type=\"text-editor.default\">\n\t\t\t\t\t\t\t\t\t<p>Explore nuestro mundo de Salud y Bienestar<br \/>Descubra consejos pr\u00e1cticos, an\u00e1lisis en profundidad y datos sorprendentes sobre complementos alimenticios y nutrici\u00f3n.\u00a0<\/p><p>Tanto si desea optimizar su forma f\u00edsica como cuidar su piel o aumentar su energ\u00eda, nuestros art\u00edculos le guiar\u00e1n con informaci\u00f3n fiable y accesible.<\/p>\t\t\t\t\t\t\t\t<\/div>\n\t\t\t\t\t<\/div>\n\t\t<\/div>\n\t\t\t\t\t<\/div>\n\t\t<\/section>\n\t\t\t\t\t<\/div>\n\t\t<\/div>\n\t\t\t\t\t<\/div>\n\t\t<\/section>\n\t\t\t\t<section class=\"elementor-section elementor-top-section elementor-element elementor-element-5800d09 elementor-section-stretched elementor-section-boxed elementor-section-height-default elementor-section-height-default\" data-id=\"5800d09\" data-element_type=\"section\" data-e-type=\"section\" data-settings=\"{&quot;stretch_section&quot;:&quot;section-stretched&quot;}\">\n\t\t\t\t\t\t<div class=\"elementor-container elementor-column-gap-default\">\n\t\t\t\t\t<div class=\"elementor-column elementor-col-100 elementor-top-column elementor-element elementor-element-93efba8\" data-id=\"93efba8\" data-element_type=\"column\" data-e-type=\"column\">\n\t\t\t<div class=\"elementor-widget-wrap elementor-element-populated\">\n\t\t\t\t\t\t<div class=\"elementor-element elementor-element-864365f elementor-widget elementor-widget-heading\" data-id=\"864365f\" data-element_type=\"widget\" data-e-type=\"widget\" data-widget_type=\"heading.default\">\n\t\t\t\t\t<h2 class=\"elementor-heading-title elementor-size-default\">Art\u00edculos : <\/h2>\t\t\t\t<\/div>\n\t\t\t\t\t<\/div>\n\t\t<\/div>\n\t\t\t\t\t<\/div>\n\t\t<\/section>\n\t\t\t\t<section class=\"elementor-section elementor-top-section elementor-element elementor-element-a999975 elementor-section-stretched elementor-section-boxed elementor-section-height-default elementor-section-height-default\" data-id=\"a999975\" data-element_type=\"section\" data-e-type=\"section\" data-settings=\"{&quot;stretch_section&quot;:&quot;section-stretched&quot;}\">\n\t\t\t\t\t\t<div class=\"elementor-container elementor-column-gap-default\">\n\t\t\t\t\t<div class=\"elementor-column elementor-col-100 elementor-top-column elementor-element elementor-element-b239573\" data-id=\"b239573\" data-element_type=\"column\" data-e-type=\"column\">\n\t\t\t<div class=\"elementor-widget-wrap elementor-element-populated\">\n\t\t\t\t\t\t<div class=\"elementor-element elementor-element-ecadda8 arrow-style-1 elementor-widget elementor-widget-smartic-post-grid\" data-id=\"ecadda8\" data-element_type=\"widget\" data-e-type=\"widget\" data-widget_type=\"smartic-post-grid.default\">\n\t\t\t\t<div class=\"elementor-widget-container\">\n\t\t\t\t\t        <div class=\"elementor-post-wrapper post-style-1\">\n            <div class=\"row\" data-elementor-columns=\"3\" data-elementor-columns-tablet=\"1\" data-elementor-columns-mobile=\"1\">\n\n                <div class=\"column-item\">\n\t<div class=\"post-inner\">\n\n\t\t\t\t<div class=\"post-thumbnail\">\n\t\t\t\t\t<img decoding=\"async\" width=\"500\" height=\"330\" src=\"https:\/\/www.naturopharma.net\/wp-content\/uploads\/2026\/03\/mineraux-500x330.png\" class=\"attachment-smartic-post-grid size-smartic-post-grid wp-post-image\" alt=\"\" title=\"\">\t\t\t<span class=\"categories-link\"><span class=\"screen-reader-text\">Categor\u00edas<\/span><a href=\"https:\/\/www.naturopharma.net\/es\/naturopharma\/\" rel=\"category tag\">Naturopharma<\/a> <a href=\"https:\/\/www.naturopharma.net\/es\/beaute\/\" rel=\"category tag\">Belleza<\/a> <a href=\"https:\/\/www.naturopharma.net\/es\/complements-alimentaires\/\" rel=\"category tag\">Complementos alimenticios<\/a> <a href=\"https:\/\/www.naturopharma.net\/es\/sante-bien-etre\/\" rel=\"category tag\">Salud y bienestar<\/a><\/span>\t\t<\/div>\n\n\n\t\t<div class=\"content-wrap\">\n\t\t\t<div class=\"entry-header\">\n\t\t\t\t<div class=\"entry-meta\">\n\t\t\t\t\t<span class=\"posted-on\"><a href=\"https:\/\/www.naturopharma.net\/es\/mineraux-equilibre-hormonal-bien-etre\/\" rel=\"bookmark\"><time class=\"entry-date published\" datetime=\"2026-03-28T09:51:19+01:00\">28\/03\/2026<\/time><time class=\"updated\" datetime=\"2026-03-11T09:52:23+01:00\">11\/03\/2026<\/time><\/a><\/span> <span class=\"post-author\"><span>Por <a href=\"https:\/\/www.naturopharma.net\/es\/author\/naturopharma\/\" rel=\"author\">Caroline Pelissier<\/a><\/span><\/span>\t\t\t\t<\/div>\n\t\t\t\t<h2 class=\"alpha entry-title\"><a href=\"https:\/\/www.naturopharma.net\/es\/mineraux-equilibre-hormonal-bien-etre\/\" rel=\"bookmark\">La importancia de los minerales para un equilibrio hormonal \u00f3ptimo<\/a><\/h2>\t\t\t<\/div>\n\n\t\t\t<div class=\"entry-content\">\n\t\t\t\t<p>El equilibrio hormonal desempe\u00f1a un papel crucial en la salud general del organismo. Las hormonas son mensajeros qu\u00edmicos que regulan la...<\/p>\n\t\t\t\t<a class=\"more-link\" href=\"https:\/\/www.naturopharma.net\/es\/mineraux-equilibre-hormonal-bien-etre\/\">Seguir leyendo<span>+<\/span><\/a>\n\t\t\t<\/div>\n\t\t<\/div>\n\t<\/div>\n<\/div>\n<div class=\"column-item\">\n\t<div class=\"post-inner\">\n\n\t\t\t\t<div class=\"post-thumbnail\">\n\t\t\t\t\t<img decoding=\"async\" width=\"500\" height=\"330\" src=\"https:\/\/www.naturopharma.net\/wp-content\/uploads\/2026\/03\/q10-menopause-500x330.png\" class=\"attachment-smartic-post-grid size-smartic-post-grid wp-post-image\" alt=\"\" title=\"\">\t\t\t<span class=\"categories-link\"><span class=\"screen-reader-text\">Categor\u00edas<\/span><a href=\"https:\/\/www.naturopharma.net\/es\/naturopharma\/\" rel=\"category tag\">Naturopharma<\/a> <a href=\"https:\/\/www.naturopharma.net\/es\/beaute\/\" rel=\"category tag\">Belleza<\/a> <a href=\"https:\/\/www.naturopharma.net\/es\/complements-alimentaires\/\" rel=\"category tag\">Complementos alimenticios<\/a> <a href=\"https:\/\/www.naturopharma.net\/es\/sante-bien-etre\/\" rel=\"category tag\">Salud y bienestar<\/a><\/span>\t\t<\/div>\n\n\n\t\t<div class=\"content-wrap\">\n\t\t\t<div class=\"entry-header\">\n\t\t\t\t<div class=\"entry-meta\">\n\t\t\t\t\t<span class=\"posted-on\"><a href=\"https:\/\/www.naturopharma.net\/es\/coenzyme-q10-menopause-bien-etre\/\" rel=\"bookmark\"><time class=\"entry-date published\" datetime=\"2026-03-22T09:45:52+01:00\">22\/03\/2026<\/time><time class=\"updated\" datetime=\"2026-03-11T09:46:54+01:00\">11\/03\/2026<\/time><\/a><\/span> <span class=\"post-author\"><span>Por <a href=\"https:\/\/www.naturopharma.net\/es\/author\/naturopharma\/\" rel=\"author\">Caroline Pelissier<\/a><\/span><\/span>\t\t\t\t<\/div>\n\t\t\t\t<h2 class=\"alpha entry-title\"><a href=\"https:\/\/www.naturopharma.net\/es\/coenzyme-q10-menopause-bien-etre\/\" rel=\"bookmark\">Por qu\u00e9 la coenzima Q10 es importante para las mujeres menop\u00e1usicas<\/a><\/h2>\t\t\t<\/div>\n\n\t\t\t<div class=\"entry-content\">\n\t\t\t\t<p>La menopausia es una etapa normal en la vida de una mujer, que suele producirse entre los 45 y los 55 a\u00f1os. Durante...<\/p>\n\t\t\t\t<a class=\"more-link\" href=\"https:\/\/www.naturopharma.net\/es\/coenzyme-q10-menopause-bien-etre\/\">Seguir leyendo<span>+<\/span><\/a>\n\t\t\t<\/div>\n\t\t<\/div>\n\t<\/div>\n<\/div>\n<div class=\"column-item\">\n\t<div class=\"post-inner\">\n\n\t\t\t\t<div class=\"post-thumbnail\">\n\t\t\t\t\t<img loading=\"lazy\" decoding=\"async\" width=\"500\" height=\"330\" src=\"https:\/\/www.naturopharma.net\/wp-content\/uploads\/2026\/03\/zinc-peau-cheveux-500x330.png\" class=\"attachment-smartic-post-grid size-smartic-post-grid wp-post-image\" alt=\"\" title=\"\">\t\t\t<span class=\"categories-link\"><span class=\"screen-reader-text\">Categor\u00edas<\/span><a href=\"https:\/\/www.naturopharma.net\/es\/naturopharma\/\" rel=\"category tag\">Naturopharma<\/a> <a href=\"https:\/\/www.naturopharma.net\/es\/beaute\/\" rel=\"category tag\">Belleza<\/a> <a href=\"https:\/\/www.naturopharma.net\/es\/complements-alimentaires\/\" rel=\"category tag\">Complementos alimenticios<\/a> <a href=\"https:\/\/www.naturopharma.net\/es\/sante-bien-etre\/\" rel=\"category tag\">Salud y bienestar<\/a><\/span>\t\t<\/div>\n\n\n\t\t<div class=\"content-wrap\">\n\t\t\t<div class=\"entry-header\">\n\t\t\t\t<div class=\"entry-meta\">\n\t\t\t\t\t<span class=\"posted-on\"><a href=\"https:\/\/www.naturopharma.net\/es\/zinc-sante-de-la-peau-cheveux\/\" rel=\"bookmark\"><time class=\"entry-date published\" datetime=\"2026-03-17T09:42:00+01:00\">17\/03\/2026<\/time><time class=\"updated\" datetime=\"2026-03-11T09:43:11+01:00\">11\/03\/2026<\/time><\/a><\/span> <span class=\"post-author\"><span>Por <a href=\"https:\/\/www.naturopharma.net\/es\/author\/naturopharma\/\" rel=\"author\">Caroline Pelissier<\/a><\/span><\/span>\t\t\t\t<\/div>\n\t\t\t\t<h2 class=\"alpha entry-title\"><a href=\"https:\/\/www.naturopharma.net\/es\/zinc-sante-de-la-peau-cheveux\/\" rel=\"bookmark\">Por qu\u00e9 el zinc es esencial para la salud de la piel y el cabello<\/a><\/h2>\t\t\t<\/div>\n\n\t\t\t<div class=\"entry-content\">\n\t\t\t\t<p>Zinc: un elemento esencial para una piel y un cabello sanos Introducci\u00f3n El zinc es un mineral esencial para...<\/p>\n\t\t\t\t<a class=\"more-link\" href=\"https:\/\/www.naturopharma.net\/es\/zinc-sante-de-la-peau-cheveux\/\">Seguir leyendo<span>+<\/span><\/a>\n\t\t\t<\/div>\n\t\t<\/div>\n\t<\/div>\n<\/div>\n<div class=\"column-item\">\n\t<div class=\"post-inner\">\n\n\t\t\t\t<div class=\"post-thumbnail\">\n\t\t\t\t\t<img loading=\"lazy\" decoding=\"async\" width=\"500\" height=\"330\" src=\"https:\/\/www.naturopharma.net\/wp-content\/uploads\/2026\/01\/glucosamine-500x330.png\" class=\"attachment-smartic-post-grid size-smartic-post-grid wp-post-image\" alt=\"\" title=\"\">\t\t\t<span class=\"categories-link\"><span class=\"screen-reader-text\">Categor\u00edas<\/span><a href=\"https:\/\/www.naturopharma.net\/es\/naturopharma\/\" rel=\"category tag\">Naturopharma<\/a> <a href=\"https:\/\/www.naturopharma.net\/es\/beaute\/\" rel=\"category tag\">Belleza<\/a> <a href=\"https:\/\/www.naturopharma.net\/es\/complements-alimentaires\/\" rel=\"category tag\">Complementos alimenticios<\/a> <a href=\"https:\/\/www.naturopharma.net\/es\/sante-bien-etre\/\" rel=\"category tag\">Salud y bienestar<\/a><\/span>\t\t<\/div>\n\n\n\t\t<div class=\"content-wrap\">\n\t\t\t<div class=\"entry-header\">\n\t\t\t\t<div class=\"entry-meta\">\n\t\t\t\t\t<span class=\"posted-on\"><a href=\"https:\/\/www.naturopharma.net\/es\/glucosamine-articulations-athletes\/\" rel=\"bookmark\"><time class=\"entry-date published\" datetime=\"2026-03-11T09:36:12+01:00\">11\/03\/2026<\/time><time class=\"updated\" datetime=\"2026-03-11T09:36:19+01:00\">11\/03\/2026<\/time><\/a><\/span> <span class=\"post-author\"><span>Por <a href=\"https:\/\/www.naturopharma.net\/es\/author\/naturopharma\/\" rel=\"author\">Caroline Pelissier<\/a><\/span><\/span>\t\t\t\t<\/div>\n\t\t\t\t<h2 class=\"alpha entry-title\"><a href=\"https:\/\/www.naturopharma.net\/es\/glucosamine-articulations-athletes\/\" rel=\"bookmark\">Los beneficios de la glucosamina para las articulaciones de los deportistas<\/a><\/h2>\t\t\t<\/div>\n\n\t\t\t<div class=\"entry-content\">\n\t\t\t\t<p>Como deportista, ya sea corredor, futbolista o culturista, la salud y la forma f\u00edsica son esenciales para su...<\/p>\n\t\t\t\t<a class=\"more-link\" href=\"https:\/\/www.naturopharma.net\/es\/glucosamine-articulations-athletes\/\">Seguir leyendo<span>+<\/span><\/a>\n\t\t\t<\/div>\n\t\t<\/div>\n\t<\/div>\n<\/div>\n<div class=\"column-item\">\n\t<div class=\"post-inner\">\n\n\t\t\t\t<div class=\"post-thumbnail\">\n\t\t\t\t\t<img loading=\"lazy\" decoding=\"async\" width=\"500\" height=\"330\" src=\"https:\/\/www.naturopharma.net\/wp-content\/uploads\/2025\/08\/collagene-souplesse-500x330.jpg\" class=\"attachment-smartic-post-grid size-smartic-post-grid wp-post-image\" alt=\"\" title=\"\">\t\t\t<span class=\"categories-link\"><span class=\"screen-reader-text\">Categor\u00edas<\/span><a href=\"https:\/\/www.naturopharma.net\/es\/naturopharma\/\" rel=\"category tag\">Naturopharma<\/a> <a href=\"https:\/\/www.naturopharma.net\/es\/beaute\/\" rel=\"category tag\">Belleza<\/a> <a href=\"https:\/\/www.naturopharma.net\/es\/complements-alimentaires\/\" rel=\"category tag\">Complementos alimenticios<\/a> <a href=\"https:\/\/www.naturopharma.net\/es\/sante-bien-etre\/\" rel=\"category tag\">Salud y bienestar<\/a><\/span>\t\t<\/div>\n\n\n\t\t<div class=\"content-wrap\">\n\t\t\t<div class=\"entry-header\">\n\t\t\t\t<div class=\"entry-meta\">\n\t\t\t\t\t<span class=\"posted-on\"><a href=\"https:\/\/www.naturopharma.net\/es\/collagene-peau-elastique-anti-age\/\" rel=\"bookmark\"><time class=\"entry-date published\" datetime=\"2025-11-11T08:31:20+01:00\">11\/11\/2025<\/time><time class=\"updated\" datetime=\"2025-11-11T08:31:23+01:00\">11\/11\/2025<\/time><\/a><\/span> <span class=\"post-author\"><span>Por <a href=\"https:\/\/www.naturopharma.net\/es\/author\/naturopharma\/\" rel=\"author\">Caroline Pelissier<\/a><\/span><\/span>\t\t\t\t<\/div>\n\t\t\t\t<h2 class=\"alpha entry-title\"><a href=\"https:\/\/www.naturopharma.net\/es\/collagene-peau-elastique-anti-age\/\" rel=\"bookmark\">Por qu\u00e9 el col\u00e1geno es esencial para una piel el\u00e1stica<\/a><\/h2>\t\t\t<\/div>\n\n\t\t\t<div class=\"entry-content\">\n\t\t\t\t<p>Col\u00e1geno: \u00bfqu\u00e9 es? El col\u00e1geno es una prote\u00edna fibrosa que se encuentra en la piel, los huesos, las c\u00e9lulas cut\u00e1neas y...<\/p>\n\t\t\t\t<a class=\"more-link\" href=\"https:\/\/www.naturopharma.net\/es\/collagene-peau-elastique-anti-age\/\">Seguir leyendo<span>+<\/span><\/a>\n\t\t\t<\/div>\n\t\t<\/div>\n\t<\/div>\n<\/div>\n<div class=\"column-item\">\n\t<div class=\"post-inner\">\n\n\t\t\t\t<div class=\"post-thumbnail\">\n\t\t\t\t\t<img loading=\"lazy\" decoding=\"async\" width=\"500\" height=\"330\" src=\"https:\/\/www.naturopharma.net\/wp-content\/uploads\/2025\/08\/collagene-cheveux-ongles-500x330.jpg\" class=\"attachment-smartic-post-grid size-smartic-post-grid wp-post-image\" alt=\"\" srcset=\"https:\/\/www.naturopharma.net\/wp-content\/uploads\/2025\/08\/collagene-cheveux-ongles-500x330.jpg 500w, https:\/\/www.naturopharma.net\/wp-content\/uploads\/2025\/08\/collagene-cheveux-ongles-18x12.jpg 18w, https:\/\/www.naturopharma.net\/wp-content\/uploads\/2025\/08\/collagene-cheveux-ongles-110x73.jpg 110w, https:\/\/www.naturopharma.net\/wp-content\/uploads\/2025\/08\/collagene-cheveux-ongles-60x40.jpg 60w\" sizes=\"(max-width: 500px) 100vw, 500px\" title=\"\">\t\t\t<span class=\"categories-link\"><span class=\"screen-reader-text\">Categor\u00edas<\/span><a href=\"https:\/\/www.naturopharma.net\/es\/naturopharma\/\" rel=\"category tag\">Naturopharma<\/a> <a href=\"https:\/\/www.naturopharma.net\/es\/beaute\/\" rel=\"category tag\">Belleza<\/a> <a href=\"https:\/\/www.naturopharma.net\/es\/complements-alimentaires\/\" rel=\"category tag\">Complementos alimenticios<\/a> <a href=\"https:\/\/www.naturopharma.net\/es\/sante-bien-etre\/\" rel=\"category tag\">Salud y bienestar<\/a><\/span>\t\t<\/div>\n\n\n\t\t<div class=\"content-wrap\">\n\t\t\t<div class=\"entry-header\">\n\t\t\t\t<div class=\"entry-meta\">\n\t\t\t\t\t<span class=\"posted-on\"><a href=\"https:\/\/www.naturopharma.net\/es\/collagene-ongles-cheveux\/\" rel=\"bookmark\"><time class=\"entry-date published\" datetime=\"2025-08-15T08:15:22+02:00\">15\/08\/2025<\/time><time class=\"updated\" datetime=\"2025-08-15T08:15:27+02:00\">15\/08\/2025<\/time><\/a><\/span> <span class=\"post-author\"><span>Por <a href=\"https:\/\/www.naturopharma.net\/es\/author\/naturopharma\/\" rel=\"author\">Caroline Pelissier<\/a><\/span><\/span>\t\t\t\t<\/div>\n\t\t\t\t<h2 class=\"alpha entry-title\"><a href=\"https:\/\/www.naturopharma.net\/es\/collagene-ongles-cheveux\/\" rel=\"bookmark\">C\u00f3mo el col\u00e1geno puede fortalecer las u\u00f1as y el cabello<\/a><\/h2>\t\t\t<\/div>\n\n\t\t\t<div class=\"entry-content\">\n\t\t\t\t<p>\u00bfQu\u00e9 es el col\u00e1geno? El col\u00e1geno es una prote\u00edna presente de forma natural en nuestro organismo, sobre todo en la piel, los huesos,...<\/p>\n\t\t\t\t<a class=\"more-link\" href=\"https:\/\/www.naturopharma.net\/es\/collagene-ongles-cheveux\/\">Seguir leyendo<span>+<\/span><\/a>\n\t\t\t<\/div>\n\t\t<\/div>\n\t<\/div>\n<\/div>\n<div class=\"column-item\">\n\t<div class=\"post-inner\">\n\n\t\t\t\t<div class=\"post-thumbnail\">\n\t\t\t\t\t<img loading=\"lazy\" decoding=\"async\" width=\"500\" height=\"330\" src=\"https:\/\/www.naturopharma.net\/wp-content\/uploads\/2025\/07\/q10-sport-500x330.jpg\" class=\"attachment-smartic-post-grid size-smartic-post-grid wp-post-image\" alt=\"\" srcset=\"https:\/\/www.naturopharma.net\/wp-content\/uploads\/2025\/07\/q10-sport-500x330.jpg 500w, https:\/\/www.naturopharma.net\/wp-content\/uploads\/2025\/07\/q10-sport-18x12.jpg 18w, https:\/\/www.naturopharma.net\/wp-content\/uploads\/2025\/07\/q10-sport-110x73.jpg 110w, https:\/\/www.naturopharma.net\/wp-content\/uploads\/2025\/07\/q10-sport-60x40.jpg 60w\" sizes=\"(max-width: 500px) 100vw, 500px\" title=\"\">\t\t\t<span class=\"categories-link\"><span class=\"screen-reader-text\">Categor\u00edas<\/span><a href=\"https:\/\/www.naturopharma.net\/es\/naturopharma\/\" rel=\"category tag\">Naturopharma<\/a> <a href=\"https:\/\/www.naturopharma.net\/es\/beaute\/\" rel=\"category tag\">Belleza<\/a> <a href=\"https:\/\/www.naturopharma.net\/es\/complements-alimentaires\/\" rel=\"category tag\">Complementos alimenticios<\/a> <a href=\"https:\/\/www.naturopharma.net\/es\/sante-bien-etre\/\" rel=\"category tag\">Salud y bienestar<\/a><\/span>\t\t<\/div>\n\n\n\t\t<div class=\"content-wrap\">\n\t\t\t<div class=\"entry-header\">\n\t\t\t\t<div class=\"entry-meta\">\n\t\t\t\t\t<span class=\"posted-on\"><a href=\"https:\/\/www.naturopharma.net\/es\/coenzyme-q10-athletes-energie\/\" rel=\"bookmark\"><time class=\"entry-date published\" datetime=\"2025-07-25T10:25:16+02:00\">25\/07\/2025<\/time><time class=\"updated\" datetime=\"2025-07-25T20:18:39+02:00\">25\/07\/2025<\/time><\/a><\/span> <span class=\"post-author\"><span>Por <a href=\"https:\/\/www.naturopharma.net\/es\/author\/naturopharma\/\" rel=\"author\">Caroline Pelissier<\/a><\/span><\/span>\t\t\t\t<\/div>\n\t\t\t\t<h2 class=\"alpha entry-title\"><a href=\"https:\/\/www.naturopharma.net\/es\/coenzyme-q10-athletes-energie\/\" rel=\"bookmark\">\u00bfPor qu\u00e9 es crucial la coenzima Q10 para los deportistas?<\/a><\/h2>\t\t\t<\/div>\n\n\t\t\t<div class=\"entry-content\">\n\t\t\t\t<p>\u00bfQu\u00e9 es la coenzima Q10? La coenzima Q10, tambi\u00e9n conocida como ubiquinona, es una sustancia producida de forma natural por el cuerpo humano....<\/p>\n\t\t\t\t<a class=\"more-link\" href=\"https:\/\/www.naturopharma.net\/es\/coenzyme-q10-athletes-energie\/\">Seguir leyendo<span>+<\/span><\/a>\n\t\t\t<\/div>\n\t\t<\/div>\n\t<\/div>\n<\/div>\n<div class=\"column-item\">\n\t<div class=\"post-inner\">\n\n\t\t\t\t<div class=\"post-thumbnail\">\n\t\t\t\t\t<img loading=\"lazy\" decoding=\"async\" width=\"500\" height=\"330\" src=\"https:\/\/www.naturopharma.net\/wp-content\/uploads\/2025\/07\/melatonine-sommeil-2-500x330.jpg\" class=\"attachment-smartic-post-grid size-smartic-post-grid wp-post-image\" alt=\"\" srcset=\"https:\/\/www.naturopharma.net\/wp-content\/uploads\/2025\/07\/melatonine-sommeil-2-500x330.jpg 500w, https:\/\/www.naturopharma.net\/wp-content\/uploads\/2025\/07\/melatonine-sommeil-2-18x12.jpg 18w, https:\/\/www.naturopharma.net\/wp-content\/uploads\/2025\/07\/melatonine-sommeil-2-110x73.jpg 110w, https:\/\/www.naturopharma.net\/wp-content\/uploads\/2025\/07\/melatonine-sommeil-2-60x40.jpg 60w\" sizes=\"(max-width: 500px) 100vw, 500px\" title=\"\">\t\t\t<span class=\"categories-link\"><span class=\"screen-reader-text\">Categor\u00edas<\/span><a href=\"https:\/\/www.naturopharma.net\/es\/naturopharma\/\" rel=\"category tag\">Naturopharma<\/a> <a href=\"https:\/\/www.naturopharma.net\/es\/beaute\/\" rel=\"category tag\">Belleza<\/a> <a href=\"https:\/\/www.naturopharma.net\/es\/complements-alimentaires\/\" rel=\"category tag\">Complementos alimenticios<\/a> <a href=\"https:\/\/www.naturopharma.net\/es\/sante-bien-etre\/\" rel=\"category tag\">Salud y bienestar<\/a><\/span>\t\t<\/div>\n\n\n\t\t<div class=\"content-wrap\">\n\t\t\t<div class=\"entry-header\">\n\t\t\t\t<div class=\"entry-meta\">\n\t\t\t\t\t<span class=\"posted-on\"><a href=\"https:\/\/www.naturopharma.net\/es\/melatonine-humeur-sante-mentale\/\" rel=\"bookmark\"><time class=\"entry-date published\" datetime=\"2025-07-25T10:20:33+02:00\">25\/07\/2025<\/time><time class=\"updated\" datetime=\"2025-07-25T10:20:36+02:00\">25\/07\/2025<\/time><\/a><\/span> <span class=\"post-author\"><span>Por <a href=\"https:\/\/www.naturopharma.net\/es\/author\/naturopharma\/\" rel=\"author\">Caroline Pelissier<\/a><\/span><\/span>\t\t\t\t<\/div>\n\t\t\t\t<h2 class=\"alpha entry-title\"><a href=\"https:\/\/www.naturopharma.net\/es\/melatonine-humeur-sante-mentale\/\" rel=\"bookmark\">Efectos de la melatonina en el estado de \u00e1nimo y la salud mental<\/a><\/h2>\t\t\t<\/div>\n\n\t\t\t<div class=\"entry-content\">\n\t\t\t\t<p>La melatonina, a menudo llamada la \u00abhormona del sue\u00f1o\u00bb, es una hormona producida naturalmente por nuestro organismo que regula nuestro ciclo sue\u00f1o-vigilia. Es...<\/p>\n\t\t\t\t<a class=\"more-link\" href=\"https:\/\/www.naturopharma.net\/es\/melatonine-humeur-sante-mentale\/\">Seguir leyendo<span>+<\/span><\/a>\n\t\t\t<\/div>\n\t\t<\/div>\n\t<\/div>\n<\/div>\n<div class=\"column-item\">\n\t<div class=\"post-inner\">\n\n\t\t\t\t<div class=\"post-thumbnail\">\n\t\t\t\t\t<img loading=\"lazy\" decoding=\"async\" width=\"500\" height=\"330\" src=\"https:\/\/www.naturopharma.net\/wp-content\/uploads\/2025\/06\/melatonine-sommeil-500x330.jpg\" class=\"attachment-smartic-post-grid size-smartic-post-grid wp-post-image\" alt=\"\" srcset=\"https:\/\/www.naturopharma.net\/wp-content\/uploads\/2025\/06\/melatonine-sommeil-500x330.jpg 500w, https:\/\/www.naturopharma.net\/wp-content\/uploads\/2025\/06\/melatonine-sommeil-18x12.jpg 18w, https:\/\/www.naturopharma.net\/wp-content\/uploads\/2025\/06\/melatonine-sommeil-110x73.jpg 110w, https:\/\/www.naturopharma.net\/wp-content\/uploads\/2025\/06\/melatonine-sommeil-60x40.jpg 60w\" sizes=\"(max-width: 500px) 100vw, 500px\" title=\"\">\t\t\t<span class=\"categories-link\"><span class=\"screen-reader-text\">Categor\u00edas<\/span><a href=\"https:\/\/www.naturopharma.net\/es\/naturopharma\/\" rel=\"category tag\">Naturopharma<\/a> <a href=\"https:\/\/www.naturopharma.net\/es\/beaute\/\" rel=\"category tag\">Belleza<\/a> <a href=\"https:\/\/www.naturopharma.net\/es\/complements-alimentaires\/\" rel=\"category tag\">Complementos alimenticios<\/a> <a href=\"https:\/\/www.naturopharma.net\/es\/sante-bien-etre\/\" rel=\"category tag\">Salud y bienestar<\/a><\/span>\t\t<\/div>\n\n\n\t\t<div class=\"content-wrap\">\n\t\t\t<div class=\"entry-header\">\n\t\t\t\t<div class=\"entry-meta\">\n\t\t\t\t\t<span class=\"posted-on\"><a href=\"https:\/\/www.naturopharma.net\/es\/melatonine-decalage-horaire-sommeil-reparateur\/\" rel=\"bookmark\"><time class=\"entry-date published\" datetime=\"2025-06-30T09:31:31+02:00\">30\/06\/2025<\/time><time class=\"updated\" datetime=\"2025-06-30T09:31:33+02:00\">30\/06\/2025<\/time><\/a><\/span> <span class=\"post-author\"><span>Por <a href=\"https:\/\/www.naturopharma.net\/es\/author\/naturopharma\/\" rel=\"author\">Caroline Pelissier<\/a><\/span><\/span>\t\t\t\t<\/div>\n\t\t\t\t<h2 class=\"alpha entry-title\"><a href=\"https:\/\/www.naturopharma.net\/es\/melatonine-decalage-horaire-sommeil-reparateur\/\" rel=\"bookmark\">Los beneficios de la melatonina para controlar el jet lag<\/a><\/h2>\t\t\t<\/div>\n\n\t\t\t<div class=\"entry-content\">\n\t\t\t\t<p>\u00bfQu\u00e9 es el jet lag? El jet lag, tambi\u00e9n conocido como desfase horario, es un fen\u00f3meno com\u00fan que se produce cuando...<\/p>\n\t\t\t\t<a class=\"more-link\" href=\"https:\/\/www.naturopharma.net\/es\/melatonine-decalage-horaire-sommeil-reparateur\/\">Seguir leyendo<span>+<\/span><\/a>\n\t\t\t<\/div>\n\t\t<\/div>\n\t<\/div>\n<\/div>\n<div class=\"column-item\">\n\t<div class=\"post-inner\">\n\n\t\t\t\t<div class=\"post-thumbnail\">\n\t\t\t\t\t<img loading=\"lazy\" decoding=\"async\" width=\"500\" height=\"330\" src=\"https:\/\/www.naturopharma.net\/wp-content\/uploads\/2025\/06\/cheveux-ongles-zinc-500x330.jpg\" class=\"attachment-smartic-post-grid size-smartic-post-grid wp-post-image\" alt=\"\" title=\"\">\t\t\t<span class=\"categories-link\"><span class=\"screen-reader-text\">Categor\u00edas<\/span><a href=\"https:\/\/www.naturopharma.net\/es\/naturopharma\/\" rel=\"category tag\">Naturopharma<\/a> <a href=\"https:\/\/www.naturopharma.net\/es\/beaute\/\" rel=\"category tag\">Belleza<\/a> <a href=\"https:\/\/www.naturopharma.net\/es\/complements-alimentaires\/\" rel=\"category tag\">Complementos alimenticios<\/a> <a href=\"https:\/\/www.naturopharma.net\/es\/sante-bien-etre\/\" rel=\"category tag\">Salud y bienestar<\/a><\/span>\t\t<\/div>\n\n\n\t\t<div class=\"content-wrap\">\n\t\t\t<div class=\"entry-header\">\n\t\t\t\t<div class=\"entry-meta\">\n\t\t\t\t\t<span class=\"posted-on\"><a href=\"https:\/\/www.naturopharma.net\/es\/zinc-ongles-cheveux\/\" rel=\"bookmark\"><time class=\"entry-date published\" datetime=\"2025-06-26T10:11:01+02:00\">26\/06\/2025<\/time><time class=\"updated\" datetime=\"2025-06-26T10:26:49+02:00\">26\/06\/2025<\/time><\/a><\/span> <span class=\"post-author\"><span>Por <a href=\"https:\/\/www.naturopharma.net\/es\/author\/naturopharma\/\" rel=\"author\">Caroline Pelissier<\/a><\/span><\/span>\t\t\t\t<\/div>\n\t\t\t\t<h2 class=\"alpha entry-title\"><a href=\"https:\/\/www.naturopharma.net\/es\/zinc-ongles-cheveux\/\" rel=\"bookmark\">Los beneficios del zinc para las u\u00f1as y el cabello<\/a><\/h2>\t\t\t<\/div>\n\n\t\t\t<div class=\"entry-content\">\n\t\t\t\t<p>\u00bfQu\u00e9 es el zinc? El zinc es un oligoelemento esencial para nuestra salud, pero que nuestro organismo es incapaz de...<\/p>\n\t\t\t\t<a class=\"more-link\" href=\"https:\/\/www.naturopharma.net\/es\/zinc-ongles-cheveux\/\">Seguir leyendo<span>+<\/span><\/a>\n\t\t\t<\/div>\n\t\t<\/div>\n\t<\/div>\n<\/div>\n<div class=\"column-item\">\n\t<div class=\"post-inner\">\n\n\t\t\t\t<div class=\"post-thumbnail\">\n\t\t\t\t\t<img loading=\"lazy\" decoding=\"async\" width=\"500\" height=\"330\" src=\"https:\/\/www.naturopharma.net\/wp-content\/uploads\/2025\/05\/alimentation-peau-500x330.jpg\" class=\"attachment-smartic-post-grid size-smartic-post-grid wp-post-image\" alt=\"\" title=\"\">\t\t\t<span class=\"categories-link\"><span class=\"screen-reader-text\">Categor\u00edas<\/span><a href=\"https:\/\/www.naturopharma.net\/es\/naturopharma\/\" rel=\"category tag\">Naturopharma<\/a> <a href=\"https:\/\/www.naturopharma.net\/es\/beaute\/\" rel=\"category tag\">Belleza<\/a> <a href=\"https:\/\/www.naturopharma.net\/es\/complements-alimentaires\/\" rel=\"category tag\">Complementos alimenticios<\/a> <a href=\"https:\/\/www.naturopharma.net\/es\/sante-bien-etre\/\" rel=\"category tag\">Salud y bienestar<\/a><\/span>\t\t<\/div>\n\n\n\t\t<div class=\"content-wrap\">\n\t\t\t<div class=\"entry-header\">\n\t\t\t\t<div class=\"entry-meta\">\n\t\t\t\t\t<span class=\"posted-on\"><a href=\"https:\/\/www.naturopharma.net\/es\/alimentation-sante-de-la-peau-nutrition\/\" rel=\"bookmark\"><time class=\"entry-date published\" datetime=\"2025-05-14T09:48:38+02:00\">14\/05\/2025<\/time><time class=\"updated\" datetime=\"2025-05-14T09:48:41+02:00\">14\/05\/2025<\/time><\/a><\/span> <span class=\"post-author\"><span>Por <a href=\"https:\/\/www.naturopharma.net\/es\/author\/naturopharma\/\" rel=\"author\">Caroline Pelissier<\/a><\/span><\/span>\t\t\t\t<\/div>\n\t\t\t\t<h2 class=\"alpha entry-title\"><a href=\"https:\/\/www.naturopharma.net\/es\/alimentation-sante-de-la-peau-nutrition\/\" rel=\"bookmark\">C\u00f3mo influye la dieta en la salud de la piel<\/a><\/h2>\t\t\t<\/div>\n\n\t\t\t<div class=\"entry-content\">\n\t\t\t\t<p>El impacto de la dieta en la salud de su piel Introducci\u00f3n La piel es el \u00f3rgano m\u00e1s grande de nuestro cuerpo...<\/p>\n\t\t\t\t<a class=\"more-link\" href=\"https:\/\/www.naturopharma.net\/es\/alimentation-sante-de-la-peau-nutrition\/\">Seguir leyendo<span>+<\/span><\/a>\n\t\t\t<\/div>\n\t\t<\/div>\n\t<\/div>\n<\/div>\n<div class=\"column-item\">\n\t<div class=\"post-inner\">\n\n\t\t\t\t<div class=\"post-thumbnail\">\n\t\t\t\t\t<img loading=\"lazy\" decoding=\"async\" width=\"500\" height=\"330\" src=\"https:\/\/www.naturopharma.net\/wp-content\/uploads\/2025\/05\/articulations-500x330.jpg\" class=\"attachment-smartic-post-grid size-smartic-post-grid wp-post-image\" alt=\"\" title=\"\">\t\t\t<span class=\"categories-link\"><span class=\"screen-reader-text\">Categor\u00edas<\/span><a href=\"https:\/\/www.naturopharma.net\/es\/naturopharma\/\" rel=\"category tag\">Naturopharma<\/a> <a href=\"https:\/\/www.naturopharma.net\/es\/beaute\/\" rel=\"category tag\">Belleza<\/a> <a href=\"https:\/\/www.naturopharma.net\/es\/complements-alimentaires\/\" rel=\"category tag\">Complementos alimenticios<\/a> <a href=\"https:\/\/www.naturopharma.net\/es\/sante-bien-etre\/\" rel=\"category tag\">Salud y bienestar<\/a><\/span>\t\t<\/div>\n\n\n\t\t<div class=\"content-wrap\">\n\t\t\t<div class=\"entry-header\">\n\t\t\t\t<div class=\"entry-meta\">\n\t\t\t\t\t<span class=\"posted-on\"><a href=\"https:\/\/www.naturopharma.net\/es\/vieillissement-sante-des-articulations-prevention\/\" rel=\"bookmark\"><time class=\"entry-date published\" datetime=\"2025-05-13T20:43:47+02:00\">13\/05\/2025<\/time><time class=\"updated\" datetime=\"2025-06-29T18:42:44+02:00\">29\/06\/2025<\/time><\/a><\/span> <span class=\"post-author\"><span>Por <a href=\"https:\/\/www.naturopharma.net\/es\/author\/naturopharma\/\" rel=\"author\">Caroline Pelissier<\/a><\/span><\/span>\t\t\t\t<\/div>\n\t\t\t\t<h2 class=\"alpha entry-title\"><a href=\"https:\/\/www.naturopharma.net\/es\/vieillissement-sante-des-articulations-prevention\/\" rel=\"bookmark\">El impacto del envejecimiento en la salud articular<\/a><\/h2>\t\t\t<\/div>\n\n\t\t\t<div class=\"entry-content\">\n\t\t\t\t<p>El impacto del envejecimiento en la salud articular Uno de los retos m\u00e1s comunes del envejecimiento es el deterioro de las articulaciones y...<\/p>\n\t\t\t\t<a class=\"more-link\" href=\"https:\/\/www.naturopharma.net\/es\/vieillissement-sante-des-articulations-prevention\/\">Seguir leyendo<span>+<\/span><\/a>\n\t\t\t<\/div>\n\t\t<\/div>\n\t<\/div>\n<\/div>\n<div class=\"column-item\">\n\t<div class=\"post-inner\">\n\n\t\t\t\t<div class=\"post-thumbnail\">\n\t\t\t\t\t<img loading=\"lazy\" decoding=\"async\" width=\"500\" height=\"330\" src=\"https:\/\/www.naturopharma.net\/wp-content\/uploads\/2025\/04\/sommeil-complement-alimentaire-500x330.jpg\" class=\"attachment-smartic-post-grid size-smartic-post-grid wp-post-image\" alt=\"\" title=\"\">\t\t\t<span class=\"categories-link\"><span class=\"screen-reader-text\">Categor\u00edas<\/span><a href=\"https:\/\/www.naturopharma.net\/es\/naturopharma\/\" rel=\"category tag\">Naturopharma<\/a> <a href=\"https:\/\/www.naturopharma.net\/es\/beaute\/\" rel=\"category tag\">Belleza<\/a> <a href=\"https:\/\/www.naturopharma.net\/es\/complements-alimentaires\/\" rel=\"category tag\">Complementos alimenticios<\/a> <a href=\"https:\/\/www.naturopharma.net\/es\/sante-bien-etre\/\" rel=\"category tag\">Salud y bienestar<\/a><\/span>\t\t<\/div>\n\n\n\t\t<div class=\"content-wrap\">\n\t\t\t<div class=\"entry-header\">\n\t\t\t\t<div class=\"entry-meta\">\n\t\t\t\t\t<span class=\"posted-on\"><a href=\"https:\/\/www.naturopharma.net\/es\/complements-alimentaires-sommeil-bien-etre\/\" rel=\"bookmark\"><time class=\"entry-date published\" datetime=\"2025-04-25T09:23:00+02:00\">25\/04\/2025<\/time><time class=\"updated\" datetime=\"2025-04-25T09:24:54+02:00\">25\/04\/2025<\/time><\/a><\/span> <span class=\"post-author\"><span>Por <a href=\"https:\/\/www.naturopharma.net\/es\/author\/naturopharma\/\" rel=\"author\">Caroline Pelissier<\/a><\/span><\/span>\t\t\t\t<\/div>\n\t\t\t\t<h2 class=\"alpha entry-title\"><a href=\"https:\/\/www.naturopharma.net\/es\/complements-alimentaires-sommeil-bien-etre\/\" rel=\"bookmark\">Los beneficios de los complementos alimenticios para dormir<\/a><\/h2>\t\t\t<\/div>\n\n\t\t\t<div class=\"entry-content\">\n\t\t\t\t<p>\u00bfQu\u00e9 es el sue\u00f1o y por qu\u00e9 es importante? Dormir es una necesidad esencial para el cuerpo humano, al igual que...<\/p>\n\t\t\t\t<a class=\"more-link\" href=\"https:\/\/www.naturopharma.net\/es\/complements-alimentaires-sommeil-bien-etre\/\">Seguir leyendo<span>+<\/span><\/a>\n\t\t\t<\/div>\n\t\t<\/div>\n\t<\/div>\n<\/div>\n<div class=\"column-item\">\n\t<div class=\"post-inner\">\n\n\t\t\t\t<div class=\"post-thumbnail\">\n\t\t\t\t\t<img loading=\"lazy\" decoding=\"async\" width=\"500\" height=\"330\" src=\"https:\/\/www.naturopharma.net\/wp-content\/uploads\/2025\/02\/sommeil-reparateur-500x330.jpg\" class=\"attachment-smartic-post-grid size-smartic-post-grid wp-post-image\" alt=\"\" title=\"\">\t\t\t<span class=\"categories-link\"><span class=\"screen-reader-text\">Categor\u00edas<\/span><a href=\"https:\/\/www.naturopharma.net\/es\/naturopharma\/\" rel=\"category tag\">Naturopharma<\/a> <a href=\"https:\/\/www.naturopharma.net\/es\/beaute\/\" rel=\"category tag\">Belleza<\/a> <a href=\"https:\/\/www.naturopharma.net\/es\/complements-alimentaires\/\" rel=\"category tag\">Complementos alimenticios<\/a> <a href=\"https:\/\/www.naturopharma.net\/es\/sante-bien-etre\/\" rel=\"category tag\">Salud y bienestar<\/a><\/span>\t\t<\/div>\n\n\n\t\t<div class=\"content-wrap\">\n\t\t\t<div class=\"entry-header\">\n\t\t\t\t<div class=\"entry-meta\">\n\t\t\t\t\t<span class=\"posted-on\"><a href=\"https:\/\/www.naturopharma.net\/es\/ingredients-naturels-sommeil-reparateur-bien-etre\/\" rel=\"bookmark\"><time class=\"entry-date published\" datetime=\"2025-04-20T07:34:48+02:00\">20\/04\/2025<\/time><time class=\"updated\" datetime=\"2025-05-13T20:35:04+02:00\">13\/05\/2025<\/time><\/a><\/span> <span class=\"post-author\"><span>Por <a href=\"https:\/\/www.naturopharma.net\/es\/author\/naturopharma\/\" rel=\"author\">Caroline Pelissier<\/a><\/span><\/span>\t\t\t\t<\/div>\n\t\t\t\t<h2 class=\"alpha entry-title\"><a href=\"https:\/\/www.naturopharma.net\/es\/ingredients-naturels-sommeil-reparateur-bien-etre\/\" rel=\"bookmark\">Los mejores ingredientes naturales para dormir bien<\/a><\/h2>\t\t\t<\/div>\n\n\t\t\t<div class=\"entry-content\">\n\t\t\t\t<p>Los mejores ingredientes naturales para un sue\u00f1o reparador Introducci\u00f3n Vivimos en un mundo en el que el tiempo y el estr\u00e9s...<\/p>\n\t\t\t\t<a class=\"more-link\" href=\"https:\/\/www.naturopharma.net\/es\/ingredients-naturels-sommeil-reparateur-bien-etre\/\">Seguir leyendo<span>+<\/span><\/a>\n\t\t\t<\/div>\n\t\t<\/div>\n\t<\/div>\n<\/div>\n<div class=\"column-item\">\n\t<div class=\"post-inner\">\n\n\t\t\t\t<div class=\"post-thumbnail\">\n\t\t\t\t\t<img loading=\"lazy\" decoding=\"async\" width=\"500\" height=\"330\" src=\"https:\/\/www.naturopharma.net\/wp-content\/uploads\/2025\/01\/griffe-du-diable-articulations-500x330.jpg\" class=\"attachment-smartic-post-grid size-smartic-post-grid wp-post-image\" alt=\"\" title=\"\">\t\t\t<span class=\"categories-link\"><span class=\"screen-reader-text\">Categor\u00edas<\/span><a href=\"https:\/\/www.naturopharma.net\/es\/naturopharma\/\" rel=\"category tag\">Naturopharma<\/a> <a href=\"https:\/\/www.naturopharma.net\/es\/beaute\/\" rel=\"category tag\">Belleza<\/a> <a href=\"https:\/\/www.naturopharma.net\/es\/complements-alimentaires\/\" rel=\"category tag\">Complementos alimenticios<\/a> <a href=\"https:\/\/www.naturopharma.net\/es\/sante-bien-etre\/\" rel=\"category tag\">Salud y bienestar<\/a><\/span>\t\t<\/div>\n\n\n\t\t<div class=\"content-wrap\">\n\t\t\t<div class=\"entry-header\">\n\t\t\t\t<div class=\"entry-meta\">\n\t\t\t\t\t<span class=\"posted-on\"><a href=\"https:\/\/www.naturopharma.net\/es\/griffe-du-diable-sante-des-articulations-remede-naturel\/\" rel=\"bookmark\"><time class=\"entry-date published\" datetime=\"2025-04-17T12:41:21+02:00\">17\/04\/2025<\/time><time class=\"updated\" datetime=\"2025-05-13T20:40:12+02:00\">13\/05\/2025<\/time><\/a><\/span> <span class=\"post-author\"><span>Por <a href=\"https:\/\/www.naturopharma.net\/es\/author\/naturopharma\/\" rel=\"author\">Caroline Pelissier<\/a><\/span><\/span>\t\t\t\t<\/div>\n\t\t\t\t<h2 class=\"alpha entry-title\"><a href=\"https:\/\/www.naturopharma.net\/es\/griffe-du-diable-sante-des-articulations-remede-naturel\/\" rel=\"bookmark\">La importancia de la garra del diablo para la salud articular<\/a><\/h2>\t\t\t<\/div>\n\n\t\t\t<div class=\"entry-content\">\n\t\t\t\t<p>\u00bfQu\u00e9 es la garra del diablo? La garra del diablo es una planta originaria de Sud\u00e1frica, tambi\u00e9n conocida como...<\/p>\n\t\t\t\t<a class=\"more-link\" href=\"https:\/\/www.naturopharma.net\/es\/griffe-du-diable-sante-des-articulations-remede-naturel\/\">Seguir leyendo<span>+<\/span><\/a>\n\t\t\t<\/div>\n\t\t<\/div>\n\t<\/div>\n<\/div>\n<div class=\"column-item\">\n\t<div class=\"post-inner\">\n\n\t\t\t\t<div class=\"post-thumbnail\">\n\t\t\t\t\t<img loading=\"lazy\" decoding=\"async\" width=\"500\" height=\"330\" src=\"https:\/\/www.naturopharma.net\/wp-content\/uploads\/2025\/04\/antioxydant-peau-500x330.jpg\" class=\"attachment-smartic-post-grid size-smartic-post-grid wp-post-image\" alt=\"\" title=\"\">\t\t\t<span class=\"categories-link\"><span class=\"screen-reader-text\">Categor\u00edas<\/span><a href=\"https:\/\/www.naturopharma.net\/es\/naturopharma\/\" rel=\"category tag\">Naturopharma<\/a> <a href=\"https:\/\/www.naturopharma.net\/es\/beaute\/\" rel=\"category tag\">Belleza<\/a> <a href=\"https:\/\/www.naturopharma.net\/es\/complements-alimentaires\/\" rel=\"category tag\">Complementos alimenticios<\/a> <a href=\"https:\/\/www.naturopharma.net\/es\/sante-bien-etre\/\" rel=\"category tag\">Salud y bienestar<\/a><\/span>\t\t<\/div>\n\n\n\t\t<div class=\"content-wrap\">\n\t\t\t<div class=\"entry-header\">\n\t\t\t\t<div class=\"entry-meta\">\n\t\t\t\t\t<span class=\"posted-on\"><a href=\"https:\/\/www.naturopharma.net\/es\/antioxydants-peau-bienfaits-sante\/\" rel=\"bookmark\"><time class=\"entry-date published\" datetime=\"2025-04-14T12:29:05+02:00\">14\/04\/2025<\/time><time class=\"updated\" datetime=\"2025-05-14T09:50:02+02:00\">14\/05\/2025<\/time><\/a><\/span> <span class=\"post-author\"><span>Por <a href=\"https:\/\/www.naturopharma.net\/es\/author\/naturopharma\/\" rel=\"author\">Caroline Pelissier<\/a><\/span><\/span>\t\t\t\t<\/div>\n\t\t\t\t<h2 class=\"alpha entry-title\"><a href=\"https:\/\/www.naturopharma.net\/es\/antioxydants-peau-bienfaits-sante\/\" rel=\"bookmark\">La verdad sobre los antioxidantes y su impacto en la piel<\/a><\/h2>\t\t\t<\/div>\n\n\t\t\t<div class=\"entry-content\">\n\t\t\t\t<p>\u00bfQu\u00e9 son los antioxidantes? Los antioxidantes son mol\u00e9culas que protegen las c\u00e9lulas contra los da\u00f1os causados por los rayos del sol....<\/p>\n\t\t\t\t<a class=\"more-link\" href=\"https:\/\/www.naturopharma.net\/es\/antioxydants-peau-bienfaits-sante\/\">Seguir leyendo<span>+<\/span><\/a>\n\t\t\t<\/div>\n\t\t<\/div>\n\t<\/div>\n<\/div>\n<div class=\"column-item\">\n\t<div class=\"post-inner\">\n\n\t\t\t\t<div class=\"post-thumbnail\">\n\t\t\t\t\t<img loading=\"lazy\" decoding=\"async\" width=\"500\" height=\"330\" src=\"https:\/\/www.naturopharma.net\/wp-content\/uploads\/2025\/04\/mineraux-soin-peau-500x330.jpg\" class=\"attachment-smartic-post-grid size-smartic-post-grid wp-post-image\" alt=\"\" title=\"\">\t\t\t<span class=\"categories-link\"><span class=\"screen-reader-text\">Categor\u00edas<\/span><a href=\"https:\/\/www.naturopharma.net\/es\/naturopharma\/\" rel=\"category tag\">Naturopharma<\/a> <a href=\"https:\/\/www.naturopharma.net\/es\/beaute\/\" rel=\"category tag\">Belleza<\/a> <a href=\"https:\/\/www.naturopharma.net\/es\/complements-alimentaires\/\" rel=\"category tag\">Complementos alimenticios<\/a> <a href=\"https:\/\/www.naturopharma.net\/es\/sante-bien-etre\/\" rel=\"category tag\">Salud y bienestar<\/a><\/span>\t\t<\/div>\n\n\n\t\t<div class=\"content-wrap\">\n\t\t\t<div class=\"entry-header\">\n\t\t\t\t<div class=\"entry-meta\">\n\t\t\t\t\t<span class=\"posted-on\"><a href=\"https:\/\/www.naturopharma.net\/es\/mineraux-soins-de-la-peau-sante-cutanee\/\" rel=\"bookmark\"><time class=\"entry-date published\" datetime=\"2025-04-09T12:22:40+02:00\">09\/04\/2025<\/time><time class=\"updated\" datetime=\"2025-04-09T12:22:44+02:00\">09\/04\/2025<\/time><\/a><\/span> <span class=\"post-author\"><span>Por <a href=\"https:\/\/www.naturopharma.net\/es\/author\/naturopharma\/\" rel=\"author\">Caroline Pelissier<\/a><\/span><\/span>\t\t\t\t<\/div>\n\t\t\t\t<h2 class=\"alpha entry-title\"><a href=\"https:\/\/www.naturopharma.net\/es\/mineraux-soins-de-la-peau-sante-cutanee\/\" rel=\"bookmark\">La importancia de los minerales en el cuidado de la piel<\/a><\/h2>\t\t\t<\/div>\n\n\t\t\t<div class=\"entry-content\">\n\t\t\t\t<p>La piel es el \u00f3rgano m\u00e1s grande y visible de nuestro cuerpo. Desempe\u00f1a un papel crucial en...<\/p>\n\t\t\t\t<a class=\"more-link\" href=\"https:\/\/www.naturopharma.net\/es\/mineraux-soins-de-la-peau-sante-cutanee\/\">Seguir leyendo<span>+<\/span><\/a>\n\t\t\t<\/div>\n\t\t<\/div>\n\t<\/div>\n<\/div>\n<div class=\"column-item\">\n\t<div class=\"post-inner\">\n\n\t\t\t\t<div class=\"post-thumbnail\">\n\t\t\t\t\t<img loading=\"lazy\" decoding=\"async\" width=\"500\" height=\"330\" src=\"https:\/\/www.naturopharma.net\/wp-content\/uploads\/2025\/04\/Q10-cerveau-memeoire-500x330.jpg\" class=\"attachment-smartic-post-grid size-smartic-post-grid wp-post-image\" alt=\"\" title=\"\">\t\t\t<span class=\"categories-link\"><span class=\"screen-reader-text\">Categor\u00edas<\/span><a href=\"https:\/\/www.naturopharma.net\/es\/naturopharma\/\" rel=\"category tag\">Naturopharma<\/a> <a href=\"https:\/\/www.naturopharma.net\/es\/beaute\/\" rel=\"category tag\">Belleza<\/a> <a href=\"https:\/\/www.naturopharma.net\/es\/complements-alimentaires\/\" rel=\"category tag\">Complementos alimenticios<\/a> <a href=\"https:\/\/www.naturopharma.net\/es\/sante-bien-etre\/\" rel=\"category tag\">Salud y bienestar<\/a><\/span>\t\t<\/div>\n\n\n\t\t<div class=\"content-wrap\">\n\t\t\t<div class=\"entry-header\">\n\t\t\t\t<div class=\"entry-meta\">\n\t\t\t\t\t<span class=\"posted-on\"><a href=\"https:\/\/www.naturopharma.net\/es\/coenzyme-q10-cerveau-memoire\/\" rel=\"bookmark\"><time class=\"entry-date published\" datetime=\"2025-04-09T12:18:51+02:00\">09\/04\/2025<\/time><time class=\"updated\" datetime=\"2025-04-09T12:18:55+02:00\">09\/04\/2025<\/time><\/a><\/span> <span class=\"post-author\"><span>Por <a href=\"https:\/\/www.naturopharma.net\/es\/author\/naturopharma\/\" rel=\"author\">Caroline Pelissier<\/a><\/span><\/span>\t\t\t\t<\/div>\n\t\t\t\t<h2 class=\"alpha entry-title\"><a href=\"https:\/\/www.naturopharma.net\/es\/coenzyme-q10-cerveau-memoire\/\" rel=\"bookmark\">Los beneficios de la coenzima Q10 para el cerebro y la memoria<\/a><\/h2>\t\t\t<\/div>\n\n\t\t\t<div class=\"entry-content\">\n\t\t\t\t<p>Los beneficios de la coenzima Q10 para el cerebro y la memoria: un activo para nuestra salud cognitiva \u00bfQu\u00e9 es la coenzima...<\/p>\n\t\t\t\t<a class=\"more-link\" href=\"https:\/\/www.naturopharma.net\/es\/coenzyme-q10-cerveau-memoire\/\">Seguir leyendo<span>+<\/span><\/a>\n\t\t\t<\/div>\n\t\t<\/div>\n\t<\/div>\n<\/div>\n            <\/div>\n\n                            <div class=\"pagination\">\n                            <div class=\"pagination\">\n            <nav class=\"elementor-pagination\" role=\"navigation\"\n                 aria-label=\"Paginaci\u00f3n\">\n                <span aria-current=\"page\" class=\"page-numbers current\"><span class=\"elementor-screen-only\">P\u00e1gina<\/span>1<\/span>\n<a class=\"page-numbers\" href=\"https:\/\/www.naturopharma.net\/es\/wp-json\/wp\/v2\/pages\/26399\/page\/2\/\"><span class=\"elementor-screen-only\">P\u00e1gina<\/span>2<\/a>\n<a class=\"page-numbers\" href=\"https:\/\/www.naturopharma.net\/es\/wp-json\/wp\/v2\/pages\/26399\/page\/3\/\"><span class=\"elementor-screen-only\">P\u00e1gina<\/span>3<\/a>\n<span class=\"page-numbers dots\">...<\/span>\n<a class=\"page-numbers\" href=\"https:\/\/www.naturopharma.net\/es\/wp-json\/wp\/v2\/pages\/26399\/page\/13\/\"><span class=\"elementor-screen-only\">P\u00e1gina<\/span>13<\/a>            <\/nav>\n        <\/div>\n                        <\/div>\n                    <\/div>\n        \t\t\t\t<\/div>\n\t\t\t\t<\/div>\n\t\t\t\t\t<\/div>\n\t\t<\/div>\n\t\t\t\t\t<\/div>\n\t\t<\/section>\n\t\t\t\t<\/div>","protected":false},"excerpt":{"rendered":"<p>Nos Articles Sant\u00e9 &amp; Bien \u00eatrre Explorez notre univers Sant\u00e9 &amp; Bien-\u00eatre !D\u00e9couvrez des conseils pratiques, des analyses approfondies et des faits surprenants sur les compl\u00e9ments alimentaires et la nutrition.\u00a0 Que vous cherchiez \u00e0 optimiser votre forme, prendre soin de votre peau ou booster votre \u00e9nergie, nos articles vous guideront avec des informations fiables et [&hellip;]<\/p>\n","protected":false},"author":1,"featured_media":0,"parent":0,"menu_order":0,"comment_status":"closed","ping_status":"closed","template":"elementor_theme","meta":{"inline_featured_image":false,"iawp_total_views":53,"footnotes":""},"class_list":["post-26399","page","type-page","status-publish","hentry"],"_links":{"self":[{"href":"https:\/\/www.naturopharma.net\/es\/wp-json\/wp\/v2\/pages\/26399","targetHints":{"allow":["GET"]}}],"collection":[{"href":"https:\/\/www.naturopharma.net\/es\/wp-json\/wp\/v2\/pages"}],"about":[{"href":"https:\/\/www.naturopharma.net\/es\/wp-json\/wp\/v2\/types\/page"}],"author":[{"embeddable":true,"href":"https:\/\/www.naturopharma.net\/es\/wp-json\/wp\/v2\/users\/1"}],"replies":[{"embeddable":true,"href":"https:\/\/www.naturopharma.net\/es\/wp-json\/wp\/v2\/comments?post=26399"}],"version-history":[{"count":0,"href":"https:\/\/www.naturopharma.net\/es\/wp-json\/wp\/v2\/pages\/26399\/revisions"}],"wp:attachment":[{"href":"https:\/\/www.naturopharma.net\/es\/wp-json\/wp\/v2\/media?parent=26399"}],"curies":[{"name":"wp","href":"https:\/\/api.w.org\/{rel}","templated":true}]}}